{"id":89,"date":"2024-03-08T15:33:37","date_gmt":"2024-03-08T14:33:37","guid":{"rendered":"https:\/\/schema-de-lateralite.etiennelang.com\/?page_id=89"},"modified":"2026-03-22T12:00:22","modified_gmt":"2026-03-22T11:00:22","slug":"laffectivite-des-droitiers-et-gauchers","status":"publish","type":"page","link":"https:\/\/schema-de-lateralite.etiennelang.com\/index.php\/laffectivite-des-droitiers-et-gauchers\/","title":{"rendered":"L&rsquo;affectivit\u00e9 des droitiers et gauchers"},"content":{"rendered":"\n<h3 class=\"wp-block-heading has-luminous-vivid-orange-color has-very-light-gray-to-cyan-bluish-gray-gradient-background has-text-color has-background has-link-color wp-elements-33f29d64487d967b858c4b5187ca4516\"><span class=\"ez-toc-section\" id=\"existe-t-il_une_influence_du_schema_de_lateralite_sur_les_gouts_les_centres_dinteret_la_facon_dentrer_en_relation_avec_les_autres_de_reagir_aux_situations_la_reponse_est_oui\"><\/span>Existe-t-il une influence du sch\u00e9ma de lat\u00e9ralit\u00e9 sur les go\u00fbts, les centres d\u2019int\u00e9r\u00eat, la fa\u00e7on d&rsquo;entrer en relation avec les autres, de r\u00e9agir aux situations ? <br>La r\u00e9ponse est oui !<span class=\"ez-toc-section-end\"><\/span><\/h3>\n\n\n<div class=\"wp-block-image\">\n<figure class=\"alignleft size-full is-resized\"><img loading=\"lazy\" decoding=\"async\" width=\"400\" height=\"600\" src=\"https:\/\/schema-de-lateralite.etiennelang.com\/wp-content\/uploads\/2024\/03\/pexels-heloisa-freitas-16080992.jpg\" alt=\"\" class=\"wp-image-53\" style=\"width:214px;height:auto\" srcset=\"https:\/\/schema-de-lateralite.etiennelang.com\/wp-content\/uploads\/2024\/03\/pexels-heloisa-freitas-16080992.jpg 400w, https:\/\/schema-de-lateralite.etiennelang.com\/wp-content\/uploads\/2024\/03\/pexels-heloisa-freitas-16080992-200x300.jpg 200w\" sizes=\"auto, (max-width: 400px) 100vw, 400px\" \/><\/figure>\n<\/div>\n\n\n<p>Mais cette r\u00e9ponse est un peu complexe.<br>Aujourd&rsquo;hui les travaux de recherche venant apporter des explications sur le lien entre lat\u00e9ralit\u00e9 et affectivit\u00e9 sont encore peu nombreux.<br><br>La science a pu n\u00e9anmoins mettre en \u00e9vidence dans des mod\u00e8les animaux que les r\u00e9actions au stress ont une composante de lat\u00e9ralit\u00e9 qui est li\u00e9 au sexe : m\u00e2les et femelles n&rsquo;ont pas, \u00e0 la base, la m\u00eame lat\u00e9ralit\u00e9, ni la m\u00eame r\u00e9activit\u00e9.<br>Il semblerait que cela joue un r\u00f4le dans la mise en place de comportements importants dans la reproduction que sont l&rsquo;agressivit\u00e9 et la s\u00e9duction.<br> <br>Chez les humains l&rsquo;observation clinique (\u00e0 travers des questionnaires par exemple) montre une grande importance du sch\u00e9ma de lat\u00e9ralit\u00e9 dans l&rsquo;affectivit\u00e9. <br>Mais attention, il faut se souvenir que des m\u00e9moires de traumatisme peuvent fortement colorer la personnalit\u00e9 des individus. Les lignes qui vont suivre ne sont naturellement que des g\u00e9n\u00e9ralit\u00e9s, le sch\u00e9ma de lat\u00e9ralit\u00e9 n&rsquo;\u00e9tant pas le seul d\u00e9terminant de l&rsquo;affectivit\u00e9 des individus.<br><\/p>\n\n\n<div class=\"wp-block-image\">\n<figure class=\"alignleft size-full is-resized\"><img decoding=\"async\" src=\"https:\/\/etiennelang.com\/wp-content\/uploads\/2024\/03\/pexels-cottonbro-studio-6864016.jpg\" alt=\"\" class=\"wp-image-985\" style=\"width:281px;height:auto\"\/><figcaption class=\"wp-element-caption\">La lat\u00e9ralit\u00e9 de certains mammif\u00e8res est li\u00e9 aux sexe de l&rsquo;animal<\/figcaption><\/figure>\n<\/div>\n\n\n<h3 class=\"wp-block-heading\"><span class=\"ez-toc-section\" id=\"des_centres_dinterets_varies\"><\/span>Des centres d\u2019int\u00e9r\u00eats vari\u00e9s<span class=\"ez-toc-section-end\"><\/span><\/h3>\n\n\n\n<p>L&rsquo;\u00e9tude du sch\u00e9ma de lat\u00e9ralit\u00e9 montre en premier lieu et sans surprise que l\u2019h\u00e9misph\u00e8re dominant les fonction cognitives est li\u00e9 \u00e0 des centres d\u2019int\u00e9r\u00eat sp\u00e9cifiques.<br><br>Les enfants \u00e0 tendance droitier\/cerveau gauche sont globalement plus attir\u00e9s par les activit\u00e9s n\u00e9cessitant de la logique, de la m\u00e9moire, des apprentissages \u00e9tape par \u00e9tape. Cela n\u2019exclue pas les activit\u00e9s artistiques, mais qui seront abord\u00e9es plus volontiers par leur cot\u00e9 habilet\u00e9 technique.<br>Les droitiers cognitifs \u00e9tant majoritaires, le syst\u00e8me scolaire s&rsquo;est adapt\u00e9 en se conformant \u00e0 leurs attentes et \u00e0 leurs besoins.<br><br>Les enfants \u00e0 tendance gaucher\/cerveau droit sont globalement plus attir\u00e9s par les activit\u00e9s n\u00e9cessitant de la cr\u00e9ativit\u00e9, des comp\u00e9tences \u00e9motionnelles, des apprentissages par bond. Cela n&rsquo;exclue pas les disciplines scientifiques, mais elle seront abord\u00e9es plut\u00f4t par leur cot\u00e9 cr\u00e9atif.<br>Les gauchers sont minoritaires, mais fort heureusement les enseignements d&rsquo;aujourd&rsquo;hui tendent vers des pratique \u00ab\u00a0multimodales\u00a0\u00bb qui ont plus de chances de leur correspondre.<\/p>\n\n\n\n<p><\/p>\n\n\n\n<p>Les enfants au sch\u00e9ma de lat\u00e9ralit\u00e9 complexe ont souvent des centres d\u2019int\u00e9r\u00eat tr\u00e8s divers ou qui se situent entre ces deux p\u00f4les.<br>\n(On parle souvent de \u00ab\u00a0multipotentiel\u00a0\u00bb et parfois de \u00ab\u00a0haut potentiel intellectuel\u00a0\u00bb mais ce qui nous int\u00e9resse ici c&rsquo;est des savoir comment cela se manifeste dans les relations sociales puis dans l&rsquo;insertion professionnelle)<br>\nL\u2019enjeu est alors de leur offrir de nombreuses occasions de se d\u00e9velopper dans toutes les directions et de les soutenir dans leurs difficiles choix d&rsquo;orientation.<\/p>\n\n\n\n<p>Pour nuancer cela, il est bon de faire une remarque \u00e0 propos d&rsquo;une chose tr\u00e8s int\u00e9ressante \u00e0 constater.<br> Il existe une propension des enfants \u00e0 chercher \u00e0 compl\u00e9ter leurs comp\u00e9tences par des activit\u00e9s qui ne leurs sont pas forc\u00e9ment d&rsquo;une abord facile.<br>Par exemple un enfant tr\u00e8s vers\u00e9 vers les connaissance scientifiques va subitement demander \u00e0 se confronter \u00e0 une activit\u00e9 artistique. Inversement un enfant tr\u00e8s artiste va subitement demander \u00e0 jouer aux mots crois\u00e9s.<br>Cela fait en r\u00e9alit\u00e9 partie du m\u00e9canisme de coordination. Devenu adulte, ses comp\u00e9tences se seront non seulement resserr\u00e9es  autour des activit\u00e9s qu&rsquo;il pr\u00e9f\u00e8re, mais aussi \u00e9largies \u00e0 d&rsquo;autres domaines d&rsquo;un abord a priori moins \u00e9vident.<\/p>\n\n\n\n<h3 class=\"wp-block-heading\"><span class=\"ez-toc-section\" id=\"pragmatisme_versus_empathie\"><\/span>Pragmatisme <em>versus<\/em> empathie<span class=\"ez-toc-section-end\"><\/span><\/h3>\n\n\n\n<p>La dominance cognitive joue sur la fa\u00e7on dont l&rsquo;enfant (mais aussi l&rsquo;adulte) va r\u00e9agir \u00e9motionnellement aux situations.<br><br>La dominance gaucher\/cerveau droit stimule l&rsquo;h\u00e9misph\u00e8re en charge de la <em>prise de d\u00e9cision<\/em>. Cet h\u00e9misph\u00e8re est fortement reli\u00e9 \u00e0 aux notions de contexte et de m\u00e9moire affective (le souvenir des choses qui ont \u00e9t\u00e9 agr\u00e9ables ou d\u00e9sagr\u00e9ables dans le pass\u00e9). C&rsquo;est pourquoi ces enfants montrent des qualit\u00e9s \u00e9lev\u00e9es d&#8217;empathie, de sensibilit\u00e9, et d&rsquo;intelligence \u00e9motionnelle.<\/p>\n\n\n\n<p>La dominance droitier\/cerveau gauche stimule l&rsquo;h\u00e9misph\u00e8re en charge de la<em> planification de l&rsquo;action<\/em>. Cet h\u00e9misph\u00e8re est fortement li\u00e9 aux notions d&rsquo;analyse et de m\u00e9moire proc\u00e9durale (le souvenir de ce qui a fonctionn\u00e9 dans le pass\u00e9).<br>C&rsquo;est pourquoi ces enfants montrent des qualit\u00e9s de pragmatisme, de capacit\u00e9 \u00e0 raisonner et d&rsquo;intelligence logique.<\/p>\n\n\n\n<p>Les enfants au sch\u00e9ma de lat\u00e9ralit\u00e9 mixte se situent entre ces deux p\u00f4les. Il n&rsquo;est pas rare de  les voir s\u2019int\u00e9resser \u00e0 des activit\u00e9s m\u00ealant le besoin de sensibilit\u00e9 et d&#8217;empathie avec la n\u00e9cessit\u00e9 de faire preuve de sang froid et de logique, comme dans les soins aux animaux, les engagements associatifs, les groupes de parole&#8230;<\/p>\n\n\n\n<h3 class=\"wp-block-heading has-luminous-vivid-orange-color has-text-color has-background has-link-color wp-elements-a6fd790575de76a80d5476eaf09fa190\" style=\"background:linear-gradient(283deg,rgb(238,238,238) 0%,rgb(169,184,195) 100%)\"><span class=\"ez-toc-section\" id=\"hommefemme_et_droitiergaucher\"><\/span>Homme\/femme et droitier\/gaucher<span class=\"ez-toc-section-end\"><\/span><\/h3>\n\n\n\n<p>Les choses se compliquent lorsque l&rsquo;on analyse la fa\u00e7on dont se d\u00e9cline l&rsquo;affectivit\u00e9 des individus li\u00e9e au sch\u00e9ma de lat\u00e9ralit\u00e9 selon qu&rsquo;ils sont de sexe masculin ou f\u00e9minin.<br>Comme il est dit plus haut, il semble bien que le sexe biologique influe sur la lat\u00e9ralit\u00e9. <br>Par exemple chez le chat, le geste d&rsquo;attraper une souris se fait avec la patte gauche chez la plupart des m\u00e2les et avec la patte droite chez la plupart des femelles. <br>Comment cette lat\u00e9ralit\u00e9 instinctive se combine-t-elle avec le sch\u00e9ma de lat\u00e9ralit\u00e9 des fonctions sup\u00e9rieures ?<\/p>\n\n\n\n<h3 class=\"wp-block-heading\"><span class=\"ez-toc-section\" id=\"le_yin_et_le_yang_de_la_lateralite\"><\/span>Le yin et le yang de la lat\u00e9ralit\u00e9<span class=\"ez-toc-section-end\"><\/span><\/h3>\n\n\n\n<p>On peut d\u00e9finir comme yang les tendances suivantes : ext\u00e9rieur, actif, comp\u00e9titif, agressif &#8230;<br>On peut d\u00e9finir comme yin les tendances suivantes : int\u00e9rieur, affectif, coop\u00e9ratif, conciliant .<br>La masculin est plut\u00f4t yang, le f\u00e9minin et plut\u00f4t yin.<br>Mais chez les gauch\u00e8res et les droitiers la tendance s&rsquo;inverse.<br>Il en r\u00e9sulterait quatre combinaisons du plus yang au plus yin.<\/p>\n\n\n<div class=\"wp-block-image\">\n<figure class=\"alignleft size-full is-resized\"><img decoding=\"async\" src=\"https:\/\/etiennelang.com\/wp-content\/uploads\/2024\/03\/image-1.png\" alt=\"\" class=\"wp-image-975\" style=\"width:356px;height:auto\"\/><figcaption class=\"wp-element-caption\">Droitier : yang de yang, l&rsquo;affectivit\u00e9 est tr\u00e8s tourn\u00e9e vers l&rsquo;ext\u00e9rieur. <br>En cas de stress, la r\u00e9activit\u00e9 serait tr\u00e8s yang, avec prise de contr\u00f4le et forte agressivit\u00e9 ou domination.<\/figcaption><\/figure>\n<\/div>\n\n<div class=\"wp-block-image\">\n<figure class=\"aligncenter size-full is-resized\"><img decoding=\"async\" src=\"https:\/\/etiennelang.com\/wp-content\/uploads\/2024\/03\/image-3.png\" alt=\"\" class=\"wp-image-977\" style=\"width:300px;height:auto\"\/><figcaption class=\"wp-element-caption\">Gauch\u00e8re : yang de yin, l&rsquo;affectivit\u00e9 est plut\u00f4t tourn\u00e9e vers l&rsquo;ext\u00e9rieur.<br>En cas de stress, la r\u00e9activit\u00e9 serait plut\u00f4t yang, tendant vers la prise de contr\u00f4le et avec possible agressivit\u00e9.<\/figcaption><\/figure>\n<\/div>\n\n<div class=\"wp-block-image\">\n<figure class=\"aligncenter size-full is-resized\"><img decoding=\"async\" src=\"https:\/\/etiennelang.com\/wp-content\/uploads\/2024\/03\/image-2.png\" alt=\"\" class=\"wp-image-976\" style=\"width:267px;height:auto\"\/><figcaption class=\"wp-element-caption\">Gaucher : yin de yang, l&rsquo;affectivit\u00e9 est plut\u00f4t tourn\u00e9e vers l&rsquo;int\u00e9rieur.<br>En cas de stress, la r\u00e9activit\u00e9 serait plut\u00f4t yin, avec diplomatie et recherche de l&rsquo;apaisement.<\/figcaption><\/figure>\n<\/div>\n\n<div class=\"wp-block-image\">\n<figure class=\"aligncenter size-full is-resized\"><img decoding=\"async\" src=\"https:\/\/etiennelang.com\/wp-content\/uploads\/2024\/03\/image-4.png\" alt=\"\" class=\"wp-image-978\" style=\"width:277px;height:auto\"\/><figcaption class=\"wp-element-caption\">Droiti\u00e8re : yin de yin, l&rsquo;affectivit\u00e9 est tr\u00e8s tourn\u00e9e vers l&rsquo;int\u00e9rieur.<br>En cas de stress, la r\u00e9activit\u00e9 serait tr\u00e8s yin, avec diplomatie et tentative d\u2019apaisement ou de s\u00e9duction.<\/figcaption><\/figure>\n<\/div>\n\n\n<p>Dans un monde majoritairement peupl\u00e9 de droitiers et de droiti\u00e8res (au sens du sch\u00e9ma de lat\u00e9ralit\u00e9, pas selon la main qui \u00e9crit)<br>les rapports entre filles et gar\u00e7ons, hommes et femmes seraient de fa\u00e7on sch\u00e9matique gouvern\u00e9s par les st\u00e9r\u00e9otypes classiques que sont le \u00ab\u00a0masculin\u00a0\u00bb (qui aime les activit\u00e9s d&rsquo;ext\u00e9rieur, ne refuse pas une certaine dose de violence, aime s\u00e9duire par des attributs r\u00e9put\u00e9s masculin), et le \u00ab\u00a0f\u00e9minin\u00a0\u00bb (qui pr\u00e9f\u00e8re les activit\u00e9 d\u2019int\u00e9rieur, n&rsquo;aime pas se r\u00e9soudre \u00e0 la violence, aime s\u00e9duire par des attributs r\u00e9put\u00e9s f\u00e9minins).<br>Mais les gauchers et gauch\u00e8res ne se retrouveraient pas dans ces st\u00e9r\u00e9otypes.<\/p>\n\n\n\n<p>La gauch\u00e8re : elle aime les activit\u00e9s d&rsquo;ext\u00e9rieur, peut facilement prendre l&rsquo;initiative en cas de conflit, ce qui lui vaut d&rsquo;\u00eatre trait\u00e9e de \u00ab\u00a0gar\u00e7on manqu\u00e9\u00a0\u00bb. D\u00e8s son enfance pendant laquelle elle aime bien les \u00ab\u00a0jeux de gar\u00e7on\u00a0\u00bb on lui fait facilement sentir qu&rsquo;elle n&rsquo;est pas \u00e0 sa place. Elle essaye de s&rsquo;en accommoder mais son cot\u00e9 \u00ab\u00a0cerveau droit\u00a0\u00bb ultrasensible en est tr\u00e8s facilement bless\u00e9.<br>Une gauch\u00e8re serait donc une \u00ab\u00a0amazone au c\u0153ur artichaut\u00a0\u00bb.<\/p>\n\n\n\n<p>Le gaucher : il aime les activit\u00e9s d&rsquo;int\u00e9rieur, sait se montrer conciliant en cas de conflit, ce qui lui vaut d&rsquo;\u00eatre trait\u00e9 de \u00ab\u00a0fillette\u00a0\u00bb.<br>D\u00e8s son enfance pendant laquelle il aime volontiers \u00ab\u00a0jouer avec les filles\u00a0\u00bb on lui fait facilement sentir qu&rsquo;il n&rsquo;est pas \u00e0 sa place.<br>Il essaye de s&rsquo;en accommoder, mais son cot\u00e9 \u00ab\u00a0cerveau droit\u00a0\u00bb ultrasensible en est tr\u00e8s facilement bless\u00e9.<br>Le gaucher serait un donc un \u00ab\u00a0doux au c\u0153ur d&rsquo;artichaut\u00a0\u00bb.<\/p>\n\n\n\n<h3 class=\"wp-block-heading\"><span class=\"ez-toc-section\" id=\"neurodiversite_de_laffectivite\"><\/span>Neurodiversit\u00e9 de l&rsquo;affectivit\u00e9 <span class=\"ez-toc-section-end\"><\/span><\/h3>\n\n\n\n<p>Dans l&rsquo;entre-deux du sch\u00e9ma de lat\u00e9ralit\u00e9 mixte se trouvent des individus qui se reconnaissent un peu dans les deux tendances.<br>Ils et elles jonglent entre des repr\u00e9sentations et des pulsions plus ou moins contradictoires, ce qui n&rsquo;est pas toujours de tout repos. En outre ces personnes peuvent pr\u00e9senter un haut potentiel intellectuel, et se reconnaitrons alors dans le livre <a href=\"https:\/\/www.odilejacob.fr\/catalogue\/psychologie\/psychologie-generale\/trop-intelligent-pour-etre-heureux-_9782738120878.php\">de Jeanne Siaud-Facchin \u00ab\u00a0Trop intelligent pour \u00eatre heureux\u00a0\u00bb<\/a>.<\/p>\n\n\n\n<p>Lorsque l&rsquo;on pratique le bilan de lat\u00e9ralit\u00e9 sur de nombreux individus, l&rsquo;on finit par constater qu&rsquo;il existe un continuum de l&rsquo;affectivit\u00e9 qui va du yang de yang au yin de yin en passant par de nombreuses formes interm\u00e9diaires.<br><br>La pr\u00e9dominance des droitiers et droiti\u00e8res dans la population, qui se reconnaissent assez facilement dans les st\u00e9r\u00e9otypes de genre v\u00e9hicul\u00e9s par la norme sociale, ne doit pas nous faire oublier que ces st\u00e9r\u00e9otype n&rsquo;ont aucune valeur pour de nombreux individus.<br>Le bilan de lat\u00e9ralit\u00e9 est aujourd&rsquo;hui un point de d\u00e9part \u00e0 la compr\u00e9hension de soi-m\u00eame qui peut \u00e9pargner beaucoup de souffrance.<br>Par exemple en cas de <em>dysphorie de genre<\/em> (la sensation d&rsquo;appartenir au genre oppos\u00e9 \u00e0 son sexe biologique), le sch\u00e9ma de lat\u00e9ralit\u00e9 r\u00e9v\u00e8le souvent un sch\u00e9ma de lat\u00e9ralit\u00e9 atypique qui peut apporter une explication \u00e0 ce ressenti et ainsi une meilleure acceptation de soi.<\/p>\n\n\n\n<p>Le harc\u00e8lement scolaire dont sont encore trop souvent victimes les enfants au sch\u00e9ma de lat\u00e9ralit\u00e9 atypique est un fl\u00e9au. Expliquer \u00e0 l&rsquo;enfant et \u00e0 ses camarades comment il ressent les choses apporte beaucoup d&rsquo;apaisement.<br>S&rsquo;int\u00e9resser au sch\u00e9ma de lat\u00e9ralit\u00e9 c&rsquo;est ouvrir une porte vers la compr\u00e9hension de l&rsquo;affectivit\u00e9 li\u00e9e \u00e0 la neurodiversit\u00e9, une voie vers plus de tol\u00e9rance.<\/p>\n\n\n\n<h4 class=\"wp-block-heading\"><span class=\"ez-toc-section\" id=\"en_resume\"><\/span>En r\u00e9sum\u00e9<span class=\"ez-toc-section-end\"><\/span><\/h4>\n\n\n\n<h4 class=\"wp-block-heading has-luminous-vivid-orange-color has-text-color has-link-color wp-elements-98b21d345af371c70daaafde3329b488\"><span class=\"ez-toc-section\" id=\"nos_centres_dinteret_notre_facon_de_reagir_au_stress_dentrer_en_interaction_avec_les_autres_nest_pas_seulement_le_fruit_de_notre_education_et_deventuelles_marques_traumatiques_notre_schema_de_lateralite_est_un_facteur_tres_important_a_prendre_en_compte_meme_sil_sen_inspire_il_va_plus_loin_que_la_simple_distinction_%c2%ab_cerveau_droit_cerveau_gauche_%c2%bb_on_dit_aussi_neuro-droitier_neuro-gaucher_lanalyse_du_schema_de_lateralite_est_un_outil_precieux_sur_le_plan_psychologique_et_psycho-social_mais_aussi_dans_le_cadre_de_lorientation_professionnelle\"><\/span>Nos centres d\u2019int\u00e9r\u00eat, notre fa\u00e7on de r\u00e9agir au stress, d&rsquo;entrer en interaction avec les autres n&rsquo;est pas seulement le fruit de notre \u00e9ducation et d\u2019\u00e9ventuelles marques traumatiques.<br>Notre sch\u00e9ma de lat\u00e9ralit\u00e9 est un facteur tr\u00e8s important \u00e0 prendre en compte. <br>M\u00eame s&rsquo;il s&rsquo;en inspire,  il va plus loin que la simple distinction \u00ab\u00a0cerveau droit \/ cerveau gauche\u00a0\u00bb (on dit aussi neuro-droitier \/neuro-gaucher)<br>L&rsquo;analyse du sch\u00e9ma de lat\u00e9ralit\u00e9 est un outil pr\u00e9cieux sur le plan psychologique et psycho-social mais aussi dans le cadre de l\u2019orientation professionnelle.<span class=\"ez-toc-section-end\"><\/span><\/h4>\n<div id=\"ez-toc-container\" class=\"ez-toc-v2_0_82_2 counter-hierarchy ez-toc-counter ez-toc-light-blue ez-toc-container-direction\">\n<div class=\"ez-toc-title-container\">\n<p class=\"ez-toc-title\" style=\"cursor:inherit\">Sommaire de la page<\/p>\n<span class=\"ez-toc-title-toggle\"><a href=\"#\" class=\"ez-toc-pull-right ez-toc-btn ez-toc-btn-xs ez-toc-btn-default ez-toc-toggle\" aria-label=\"Toggle Table of Content\"><span class=\"ez-toc-js-icon-con\"><span class=\"\"><span class=\"eztoc-hide\" style=\"display:none;\">Toggle<\/span><span class=\"ez-toc-icon-toggle-span\"><svg style=\"fill: #999;color:#999\" xmlns=\"http:\/\/www.w3.org\/2000\/svg\" class=\"list-377408\" width=\"20px\" height=\"20px\" viewBox=\"0 0 24 24\" fill=\"none\"><path d=\"M6 6H4v2h2V6zm14 0H8v2h12V6zM4 11h2v2H4v-2zm16 0H8v2h12v-2zM4 16h2v2H4v-2zm16 0H8v2h12v-2z\" fill=\"currentColor\"><\/path><\/svg><svg style=\"fill: #999;color:#999\" class=\"arrow-unsorted-368013\" xmlns=\"http:\/\/www.w3.org\/2000\/svg\" width=\"10px\" height=\"10px\" viewBox=\"0 0 24 24\" version=\"1.2\" baseProfile=\"tiny\"><path d=\"M18.2 9.3l-6.2-6.3-6.2 6.3c-.2.2-.3.4-.3.7s.1.5.3.7c.2.2.4.3.7.3h11c.3 0 .5-.1.7-.3.2-.2.3-.5.3-.7s-.1-.5-.3-.7zM5.8 14.7l6.2 6.3 6.2-6.3c.2-.2.3-.5.3-.7s-.1-.5-.3-.7c-.2-.2-.4-.3-.7-.3h-11c-.3 0-.5.1-.7.3-.2.2-.3.5-.3.7s.1.5.3.7z\"\/><\/svg><\/span><\/span><\/span><\/a><\/span><\/div>\n<nav><ul class='ez-toc-list ez-toc-list-level-1 ' ><li class='ez-toc-page-1 ez-toc-heading-level-3'><a class=\"ez-toc-link ez-toc-heading-1\" href=\"https:\/\/schema-de-lateralite.etiennelang.com\/index.php\/laffectivite-des-droitiers-et-gauchers\/#existe-t-il_une_influence_du_schema_de_lateralite_sur_les_gouts_les_centres_dinteret_la_facon_dentrer_en_relation_avec_les_autres_de_reagir_aux_situations_la_reponse_est_oui\" >Existe-t-il une influence du sch\u00e9ma de lat\u00e9ralit\u00e9 sur les go\u00fbts, les centres d\u2019int\u00e9r\u00eat, la fa\u00e7on d&rsquo;entrer en relation avec les autres, de r\u00e9agir aux situations ?  La r\u00e9ponse est oui !<\/a><\/li><li class='ez-toc-page-1 ez-toc-heading-level-3'><a class=\"ez-toc-link ez-toc-heading-2\" href=\"https:\/\/schema-de-lateralite.etiennelang.com\/index.php\/laffectivite-des-droitiers-et-gauchers\/#des_centres_dinterets_varies\" >Des centres d\u2019int\u00e9r\u00eats vari\u00e9s<\/a><\/li><li class='ez-toc-page-1 ez-toc-heading-level-3'><a class=\"ez-toc-link ez-toc-heading-3\" href=\"https:\/\/schema-de-lateralite.etiennelang.com\/index.php\/laffectivite-des-droitiers-et-gauchers\/#pragmatisme_versus_empathie\" >Pragmatisme versus empathie<\/a><\/li><li class='ez-toc-page-1 ez-toc-heading-level-3'><a class=\"ez-toc-link ez-toc-heading-4\" href=\"https:\/\/schema-de-lateralite.etiennelang.com\/index.php\/laffectivite-des-droitiers-et-gauchers\/#hommefemme_et_droitiergaucher\" >Homme\/femme et droitier\/gaucher<\/a><\/li><li class='ez-toc-page-1 ez-toc-heading-level-3'><a class=\"ez-toc-link ez-toc-heading-5\" href=\"https:\/\/schema-de-lateralite.etiennelang.com\/index.php\/laffectivite-des-droitiers-et-gauchers\/#le_yin_et_le_yang_de_la_lateralite\" >Le yin et le yang de la lat\u00e9ralit\u00e9<\/a><\/li><li class='ez-toc-page-1 ez-toc-heading-level-3'><a class=\"ez-toc-link ez-toc-heading-6\" href=\"https:\/\/schema-de-lateralite.etiennelang.com\/index.php\/laffectivite-des-droitiers-et-gauchers\/#neurodiversite_de_laffectivite\" >Neurodiversit\u00e9 de l&rsquo;affectivit\u00e9<\/a><ul class='ez-toc-list-level-4' ><li class='ez-toc-heading-level-4'><a class=\"ez-toc-link ez-toc-heading-7\" href=\"https:\/\/schema-de-lateralite.etiennelang.com\/index.php\/laffectivite-des-droitiers-et-gauchers\/#en_resume\" >En r\u00e9sum\u00e9<\/a><\/li><li class='ez-toc-page-1 ez-toc-heading-level-4'><a class=\"ez-toc-link ez-toc-heading-8\" href=\"https:\/\/schema-de-lateralite.etiennelang.com\/index.php\/laffectivite-des-droitiers-et-gauchers\/#nos_centres_dinteret_notre_facon_de_reagir_au_stress_dentrer_en_interaction_avec_les_autres_nest_pas_seulement_le_fruit_de_notre_education_et_deventuelles_marques_traumatiques_notre_schema_de_lateralite_est_un_facteur_tres_important_a_prendre_en_compte_meme_sil_sen_inspire_il_va_plus_loin_que_la_simple_distinction_%c2%ab_cerveau_droit_cerveau_gauche_%c2%bb_on_dit_aussi_neuro-droitier_neuro-gaucher_lanalyse_du_schema_de_lateralite_est_un_outil_precieux_sur_le_plan_psychologique_et_psycho-social_mais_aussi_dans_le_cadre_de_lorientation_professionnelle\" >Nos centres d\u2019int\u00e9r\u00eat, notre fa\u00e7on de r\u00e9agir au stress, d&rsquo;entrer en interaction avec les autres n&rsquo;est pas seulement le fruit de notre \u00e9ducation et d\u2019\u00e9ventuelles marques traumatiques. Notre sch\u00e9ma de lat\u00e9ralit\u00e9 est un facteur tr\u00e8s important \u00e0 prendre en compte.  M\u00eame s&rsquo;il s&rsquo;en inspire,  il va plus loin que la simple distinction \u00ab\u00a0cerveau droit \/ cerveau gauche\u00a0\u00bb (on dit aussi neuro-droitier \/neuro-gaucher) L&rsquo;analyse du sch\u00e9ma de lat\u00e9ralit\u00e9 est un outil pr\u00e9cieux sur le plan psychologique et psycho-social mais aussi dans le cadre de l\u2019orientation professionnelle.<\/a><\/li><\/ul><\/li><\/ul><\/nav><\/div>\n","protected":false},"excerpt":{"rendered":"<p>Existe-t-il une influence du sch\u00e9ma de lat\u00e9ralit\u00e9 sur les go\u00fbts, les centres d\u2019int\u00e9r\u00eat, la fa\u00e7on d&rsquo;entrer en relation avec les autres, de r\u00e9agir aux situations ? La r\u00e9ponse est oui ! Mais cette r\u00e9ponse est un peu complexe.Aujourd&rsquo;hui les travaux de recherche venant apporter des explications sur le lien entre lat\u00e9ralit\u00e9 et affectivit\u00e9 sont encore [&hellip;]<\/p>\n","protected":false},"author":1,"featured_media":0,"parent":0,"menu_order":0,"comment_status":"closed","ping_status":"closed","template":"","meta":{"advanced_seo_description":"","jetpack_seo_html_title":"","jetpack_seo_noindex":false,"footnotes":""},"class_list":["post-89","page","type-page","status-publish","hentry","post"],"jetpack_sharing_enabled":true,"_links":{"self":[{"href":"https:\/\/schema-de-lateralite.etiennelang.com\/index.php\/wp-json\/wp\/v2\/pages\/89","targetHints":{"allow":["GET"]}}],"collection":[{"href":"https:\/\/schema-de-lateralite.etiennelang.com\/index.php\/wp-json\/wp\/v2\/pages"}],"about":[{"href":"https:\/\/schema-de-lateralite.etiennelang.com\/index.php\/wp-json\/wp\/v2\/types\/page"}],"author":[{"embeddable":true,"href":"https:\/\/schema-de-lateralite.etiennelang.com\/index.php\/wp-json\/wp\/v2\/users\/1"}],"replies":[{"embeddable":true,"href":"https:\/\/schema-de-lateralite.etiennelang.com\/index.php\/wp-json\/wp\/v2\/comments?post=89"}],"version-history":[{"count":9,"href":"https:\/\/schema-de-lateralite.etiennelang.com\/index.php\/wp-json\/wp\/v2\/pages\/89\/revisions"}],"predecessor-version":[{"id":267,"href":"https:\/\/schema-de-lateralite.etiennelang.com\/index.php\/wp-json\/wp\/v2\/pages\/89\/revisions\/267"}],"wp:attachment":[{"href":"https:\/\/schema-de-lateralite.etiennelang.com\/index.php\/wp-json\/wp\/v2\/media?parent=89"}],"curies":[{"name":"wp","href":"https:\/\/api.w.org\/{rel}","templated":true}]}}