{"id":2,"date":"2024-03-06T17:46:44","date_gmt":"2024-03-06T16:46:44","guid":{"rendered":"https:\/\/schema-de-lateralite.etiennelang.com\/?page_id=2"},"modified":"2026-03-13T22:26:34","modified_gmt":"2026-03-13T21:26:34","slug":"presentation","status":"publish","type":"page","link":"https:\/\/schema-de-lateralite.etiennelang.com\/index.php\/presentation\/","title":{"rendered":"Pr\u00e9sentation"},"content":{"rendered":"\n<h3 class=\"wp-block-heading has-text-align-center has-luminous-vivid-orange-color has-very-light-gray-to-cyan-bluish-gray-gradient-background has-text-color has-background has-link-color wp-elements-a5ea838fec79d0f257e870973c80aea0\"><span class=\"ez-toc-section\" id=\"lanalyse_du_schema_de_lateralite\"><\/span>L&rsquo;analyse du sch\u00e9ma de lat\u00e9ralit\u00e9<span class=\"ez-toc-section-end\"><\/span><\/h3>\n\n\n<div class=\"wp-block-image\">\n<figure class=\"aligncenter size-full is-resized\"><img loading=\"lazy\" decoding=\"async\" width=\"512\" height=\"512\" src=\"https:\/\/schema-de-lateralite.etiennelang.com\/wp-content\/uploads\/2024\/03\/cropped-Dictee-droitier1.png\" alt=\"\" class=\"wp-image-19\" style=\"width:209px;height:auto\" srcset=\"https:\/\/schema-de-lateralite.etiennelang.com\/wp-content\/uploads\/2024\/03\/cropped-Dictee-droitier1.png 512w, https:\/\/schema-de-lateralite.etiennelang.com\/wp-content\/uploads\/2024\/03\/cropped-Dictee-droitier1-300x300.png 300w, https:\/\/schema-de-lateralite.etiennelang.com\/wp-content\/uploads\/2024\/03\/cropped-Dictee-droitier1-150x150.png 150w\" sizes=\"auto, (max-width: 512px) 100vw, 512px\" \/><\/figure>\n<\/div>\n\n\n<h3 class=\"wp-block-heading has-text-align-left has-luminous-vivid-orange-color has-very-light-gray-to-cyan-bluish-gray-gradient-background has-text-color has-background has-link-color wp-elements-ded1a12bf6c99daf64fa1a175f35d43b\"><span class=\"ez-toc-section\" id=\"un_nouvel_outil_de_comprehension_des_troubles_%c2%ab_dys_%c2%bb_du_hpi_de_la_double_exceptionnalite_et_des_profils_atypiques\"><\/span><strong>Un nouvel outil de compr\u00e9hension des troubles \u00ab\u00a0dys\u00a0\u00bb, du HPI, de la double exceptionnalit\u00e9, et des profils atypiques.<\/strong><span class=\"ez-toc-section-end\"><\/span><\/h3>\n\n\n\n<h3 class=\"wp-block-heading has-text-align-left has-luminous-vivid-orange-color has-text-color has-background has-link-color wp-elements-1e9fa0fbd5a22626baae6419f5d97cec\" style=\"background:linear-gradient(283deg,rgb(238,238,238) 0%,rgb(169,184,195) 100%)\"><span class=\"ez-toc-section\" id=\"une_voie_dentree_vers_des_enseignements_adaptes_et_des_remediations_ciblees\"><\/span><strong>Une voie d\u2019entr\u00e9e vers des enseignements adapt\u00e9s et des rem\u00e9diations cibl\u00e9es.<\/strong><span class=\"ez-toc-section-end\"><\/span><\/h3>\n\n\n\n<h3 class=\"wp-block-heading has-text-align-left has-luminous-vivid-orange-color has-very-light-gray-to-cyan-bluish-gray-gradient-background has-text-color has-background has-link-color wp-elements-4b0b6f3f8b7fcc9956d66a3cc401fdbf\"><span class=\"ez-toc-section\" id=\"gauchers_droitiers_mixtes_et_ambidextres_napprennent_pas_de_la_meme_facon\"><\/span><strong>Gauchers, droitiers, mixtes et ambidextres n&rsquo;apprennent pas de la m\u00eame fa\u00e7on !<\/strong><span class=\"ez-toc-section-end\"><\/span><\/h3>\n\n\n\n<h5 class=\"wp-block-heading\"><span class=\"ez-toc-section\" id=\"vous_trouverez_sur_cette_page_tout_ce_qui_est_necessaire_pour_comprendre_a_quoi_sert_la_notion_danalyse_du_schema_de_lateralite_et_commencer_a_la_decouvrir\"><\/span><strong>Vous trouverez sur cette page tout ce qui est n\u00e9cessaire pour comprendre \u00e0 quoi sert la notion d&rsquo;analyse du sch\u00e9ma de lat\u00e9ralit\u00e9 et commencer \u00e0 la d\u00e9couvrir.<\/strong><span class=\"ez-toc-section-end\"><\/span><\/h5>\n\n\n<div class=\"wp-block-image\">\n<figure class=\"aligncenter size-full is-resized\"><img decoding=\"async\" src=\"https:\/\/etiennelang.com\/wp-content\/uploads\/2024\/02\/eecriture-droitier-oeil-gauche.jpg\" alt=\"\" class=\"wp-image-913\" style=\"width:280px;height:auto\"\/><figcaption class=\"wp-element-caption\">Droitier \u0153il gauche<\/figcaption><\/figure>\n<\/div>\n\n\n<h5 class=\"wp-block-heading is-style-default has-luminous-vivid-orange-color has-text-color has-link-color wp-elements-8778c9e6f485097fb5160f9fcdb5f82a\"><span class=\"ez-toc-section\" id=\"je_vous_invite_a_decouvrir_ici_le_fruit_de_mon_travail_de_recherche_base_sur_des_annees_dobservations_en_cabinet_etaye_par_le_recueil_de_nombreuses_donnees_publiees_dans_les_domaines_des_sciences_de_leducation_de_la_neuro-imagerie_de_la_psychologie_et_remediation_des_troubles_des_apprentissages\"><\/span><strong>Je vous invite \u00e0 d\u00e9couvrir ici le fruit de mon travail de recherche<\/strong> bas\u00e9 sur des ann\u00e9es d&rsquo;observations en cabinet \u00e9tay\u00e9 par le recueil de nombreuses donn\u00e9es publi\u00e9es dans les domaines des sciences de l&rsquo;\u00e9ducation, de la neuro-imagerie, de la psychologie et rem\u00e9diation des troubles des apprentissages.<span class=\"ez-toc-section-end\"><\/span><\/h5>\n\n\n\n<p><\/p>\n\n\n<div class=\"wp-block-image\">\n<figure class=\"aligncenter size-large is-resized\"><img decoding=\"async\" src=\"https:\/\/etiennelang.com\/wp-content\/uploads\/2024\/02\/ecriture-gaucher-contrarie-1024x482.jpg\" alt=\"\" class=\"wp-image-915\" style=\"width:355px;height:auto\"\/><figcaption class=\"wp-element-caption\">Gaucher contrari\u00e9<\/figcaption><\/figure>\n<\/div>\n\n\n<h5 class=\"wp-block-heading has-luminous-vivid-orange-color has-text-color has-link-color wp-elements-dc2972151170995627cfbb7935be0e21\"><span class=\"ez-toc-section\" id=\"je_tiens_a_remercier_tout_les_professionnels_qui_oeuvrent_chaque_jour_a_aider_les_eleves_et_leurs_enseignant_a_mettre_au_point_une_pedagogie_respectant_la_neurodiversite_touts_les_professeurs_et_les_aidants_dont_le_travail_ma_inspire_tout_les_chercheurs_qui_ont_publies_des_articles_sur_le_sujet_du_developpement_du_cerveau\"><\/span><br><br>Je tiens \u00e0 remercier  tout les professionnels qui \u0153uvrent chaque jour \u00e0 aider les \u00e9l\u00e8ves et leurs enseignant \u00e0 mettre au point une p\u00e9dagogie respectant la neurodiversit\u00e9, touts les professeurs et les aidants dont le travail m&rsquo;a inspir\u00e9, tout les chercheurs qui ont publi\u00e9s des articles sur le sujet du d\u00e9veloppement du cerveau<span class=\"ez-toc-section-end\"><\/span><\/h5>\n\n\n\n<h5 class=\"wp-block-heading has-luminous-vivid-orange-color has-white-background-color has-text-color has-background has-link-color wp-elements-efe1b6aef1c7b5ae8e069287f6388967\"><span class=\"ez-toc-section\" id=\"cest_grace_a_eux_que_jai_pu_dans_les_annees_2010_%c2%ab_avoir_le_declic_%c2%bb_et_reunir_diverses_informations_au_sein_dune_theorie_et_dune_pratique_unifiee_simple_dacces_utile_a_tous_lanalyse_du_schema_de_lateralite\"><\/span><br><strong>C&rsquo;est gr\u00e2ce \u00e0 eux que j&rsquo;ai pu dans les ann\u00e9es 2010 \u00ab\u00a0avoir le d\u00e9clic\u00a0\u00bb<\/strong> et r\u00e9unir diverses informations au sein d&rsquo;une th\u00e9orie et d&rsquo;une pratique unifi\u00e9e, simple d&rsquo;acc\u00e8s, utile \u00e0 tous : <strong>l&rsquo;analyse du sch\u00e9ma de lat\u00e9ralit\u00e9<\/strong>.<span class=\"ez-toc-section-end\"><\/span><\/h5>\n\n\n<div class=\"wp-block-image\">\n<figure class=\"aligncenter size-full is-resized\"><img decoding=\"async\" src=\"https:\/\/etiennelang.com\/wp-content\/uploads\/2024\/02\/DGDD.D.G.png\" alt=\"\" class=\"wp-image-820\" style=\"width:166px;height:auto\"\/><figcaption class=\"wp-element-caption\">Sch\u00e9ma droitier sauf jambe gauche<\/figcaption><\/figure>\n<\/div>\n\n\n<h4 class=\"wp-block-heading has-text-align-center has-luminous-vivid-orange-color has-text-color has-background has-link-color wp-elements-2e03d91c183f6ce445eb30ea78750218\" style=\"background:linear-gradient(299deg,rgb(238,238,238) 0%,rgb(169,184,195) 100%)\"><span class=\"ez-toc-section\" id=\"il_sagit_en_dune_premiere_publication_le_contenu_est_amene_a_senrichir_au_fil_du_temps_bonne_lecture_etienne_lang_createur_du_concept_danalyse_du_schema_de_lateralite\"><\/span><strong><em>Il s&rsquo;agit en d&rsquo;une premi\u00e8re publication, <br>le contenu est amen\u00e9 \u00e0 s&rsquo;enrichir au fil du temps.<br>Bonne lecture !<\/em><\/strong><br><strong><br>Etienne Lang , cr\u00e9ateur du concept d&rsquo;analyse du sch\u00e9ma de lat\u00e9ralit\u00e9<\/strong><span class=\"ez-toc-section-end\"><\/span><\/h4>\n\n\n\n<p><\/p>\n\n\n\n<div class=\"wp-block-group\"><div class=\"wp-block-group__inner-container is-layout-constrained wp-block-group-is-layout-constrained\">\n<h3 class=\"wp-block-heading has-luminous-vivid-orange-color has-very-light-gray-to-cyan-bluish-gray-gradient-background has-text-color has-background has-link-color wp-elements-74e44de56a330638c8074432b3465415\"><span class=\"ez-toc-section\" id=\"le_schema_de_lateralite_la_pratique\"><\/span><a href=\"https:\/\/schema-de-lateralite.etiennelang.com\/index.php\/la-pratique\/\" target=\"_blank\" rel=\"noreferrer noopener\">Le sch\u00e9ma de lat\u00e9ralit\u00e9 : la pratique<\/a><span class=\"ez-toc-section-end\"><\/span><\/h3>\n\n\n<div class=\"wp-block-image\">\n<figure class=\"alignleft size-full is-resized\"><img decoding=\"async\" src=\"https:\/\/etiennelang.com\/wp-content\/uploads\/2024\/02\/pexels-karolina-grabowska-6274987.jpg\" alt=\"\" class=\"wp-image-946\" style=\"width:284px;height:auto\"\/><\/figure>\n<\/div>\n\n\n<p><strong>L&rsquo;analyse du sch\u00e9ma de lat\u00e9ralit\u00e9<\/strong> est avant tout un outil pratique.<br>Il consiste en un <strong>relev\u00e9<\/strong> des diff\u00e9rentes dominances (main, jambe, \u0153il, oreille, h\u00e9misph\u00e8re, main qui \u00e9crit &#8230;) et de leurs caract\u00e9ristiques (fort ,faible, mixte, confuse altern\u00e9) <br>Ce relev\u00e9 conduit en premier lieu \u00e0 un <strong>interpr\u00e9tation simple<\/strong>, \u00e9l\u00e9ment par \u00e9l\u00e9ment (comment je vois , comment j&rsquo;entends, comment je ressens et comment j&rsquo;agis)<br>Il est suivi d&rsquo;une <strong>interpr\u00e9tation combin\u00e9e<\/strong> (effet des coh\u00e9rences et contradictions des caract\u00e9ristiques de lat\u00e9ralit\u00e9, mode de pens\u00e9e et d&rsquo;action)<br>Il sert \u00e0 expliquer le <strong>fonctionnement<\/strong> du sujet dans sa vie et dans ses <strong>modes d&rsquo;apprentissages<\/strong> (troubles dys, capacit\u00e9s remarquables, troubles associ\u00e9s, affectivit\u00e9)<br>Il \u00e9claire les <strong>adaptations<\/strong> et les \u00e9ventuelles <strong>rem\u00e9diations<\/strong> \u00e0 mettre en \u0153uvre face \u00e0 de la dyslexie ou un ensemble de troubles associ\u00e9s (comment adapter les apprentissages, quelles activit\u00e9s privil\u00e9gier, vers quel professionnel se tourner)<\/p>\n\n\n\n<p><\/p>\n\n\n\n<div class=\"wp-block-buttons is-content-justification-center is-layout-flex wp-container-core-buttons-is-layout-16018d1d wp-block-buttons-is-layout-flex\">\n<div class=\"wp-block-button\"><a class=\"wp-block-button__link wp-element-button\" href=\"https:\/\/schema-de-lateralite.etiennelang.com\/index.php\/la-pratique\/\" target=\"_blank\" rel=\"noreferrer noopener\">En savoir plus sur la pratique du sch\u00e9ma de lat\u00e9ralit\u00e9  <\/a><\/div>\n<\/div>\n<\/div><\/div>\n\n\n\n<p><\/p>\n\n\n\n<h3 class=\"wp-block-heading has-luminous-vivid-orange-color has-text-color has-background has-link-color wp-elements-e95427ec02e95bb4c0bb57102b0e9456\" style=\"background:linear-gradient(280deg,rgb(238,238,238) 0%,rgb(169,184,195) 100%)\"><span class=\"ez-toc-section\" id=\"le_schema_de_lateralite_les_troubles_des_apprentissages\"><\/span><a href=\"https:\/\/schema-de-lateralite.etiennelang.com\/index.php\/les-troubles-des-apprentissages\/\" target=\"_blank\" rel=\"noreferrer noopener\">Le sch\u00e9ma de lat\u00e9ralit\u00e9 : les troubles des apprentissages<\/a><span class=\"ez-toc-section-end\"><\/span><\/h3>\n\n\n<div class=\"wp-block-image\">\n<figure class=\"alignleft size-full is-resized\"><img decoding=\"async\" src=\"https:\/\/etiennelang.com\/wp-content\/uploads\/2024\/02\/pexels-keira-burton-6623833.jpg\" alt=\"\" class=\"wp-image-947\" style=\"width:297px;height:auto\"\/><\/figure>\n<\/div>\n\n\n<p>L&rsquo;application la plus imm\u00e9diate du sch\u00e9ma de lat\u00e9ralit\u00e9 consiste en l&rsquo;explication rationnelle du risque de <strong>troubles des apprentissages<\/strong> chez certains sujets. <br>Nous  ne naissons pas tous \u00e9gaux face aux apprentissages formels. <br>Les sch\u00e9mas de lat\u00e9ralit\u00e9 plut\u00f4t droitier et plut\u00f4t homog\u00e8nes sont g\u00e9n\u00e9ralement plus favorables \u00e0 la lecture, l&rsquo;\u00e9criture, la m\u00e9moire visuelle et auditive.<br>Au contraire les sch\u00e9ma de lat\u00e9ralit\u00e9 plut\u00f4t gaucher ou mixtes sont souvent associ\u00e9s \u00e0 des particularit\u00e9s pouvant d\u00e9boucher sur des modes d&rsquo;apprentissages moins classiques, parfois des difficult\u00e9s scolaires, des g\u00e8nes aux activit\u00e9s sportives, des difficult\u00e9s sociales. Mais ces sch\u00e9mas portent en eux des possibilit\u00e9 d&rsquo;\u00e9panouissement dans des domaines particuliers (habilet\u00e9s manuelles, sportives&#8230; ) et parfois tr\u00e8s cr\u00e9atifs (sciences, arts, relations sociales &#8230;)<br>Concernant les difficult\u00e9s de lecture le bilan de lat\u00e9ralit\u00e9 permet de discerner avec une bonne probabilit\u00e9 ce qui est li\u00e9 au d\u00e9veloppement lat\u00e9ralis\u00e9 de ce qui doit \u00eatre pris en charge autrement. <br>Il permet d&rsquo;anticiper sur la fa\u00e7on dont ces troubles peuvent s&rsquo;effacer ou non avec le temps et d&rsquo;indiquer que privil\u00e9gier pour favoriser les processus cognitifs.<br>On a \u00e9galement l\u00e0 un mod\u00e8le explicatif de l&rsquo;association de plusieurs troubles (comorbidit\u00e9) et parfois aussi de talents insoup\u00e7onn\u00e9es (pr\u00e9cocit\u00e9 , neuro-atypisme, HPI)<\/p>\n\n\n\n<div class=\"wp-block-buttons is-content-justification-center is-layout-flex wp-container-core-buttons-is-layout-16018d1d wp-block-buttons-is-layout-flex\">\n<div class=\"wp-block-button\"><a class=\"wp-block-button__link wp-element-button\" href=\"https:\/\/schema-de-lateralite.etiennelang.com\/index.php\/les-troubles-des-apprentissages\/\" target=\"_blank\" rel=\"noreferrer noopener\">En savoir plus sur les troubles d&rsquo;apprentissage et le sch\u00e9ma de lat\u00e9ralit\u00e9<\/a><\/div>\n<\/div>\n\n\n\n<h3 class=\"wp-block-heading is-style-default has-luminous-vivid-orange-color has-very-light-gray-to-cyan-bluish-gray-gradient-background has-text-color has-background has-link-color wp-elements-e223d807fa2bb3f025e461275d36d4f9\"><span class=\"ez-toc-section\" id=\"le_schema_de_lateralite_les_bases_theoriques\"><\/span><a href=\"https:\/\/schema-de-lateralite.etiennelang.com\/index.php\/les-bases-theoriques\/\" target=\"_blank\" rel=\"noreferrer noopener\">Le sch\u00e9ma de lat\u00e9ralit\u00e9 : les bases th\u00e9oriques<\/a><span class=\"ez-toc-section-end\"><\/span><\/h3>\n\n\n<div class=\"wp-block-image\">\n<figure class=\"alignleft size-full is-resized\"><img decoding=\"async\" src=\"https:\/\/etiennelang.com\/wp-content\/uploads\/2024\/02\/pexels-mart-production-7089020.jpg\" alt=\"\" class=\"wp-image-948\" style=\"width:301px;height:auto\"\/><\/figure>\n<\/div>\n\n\n<p>Alors que je prenais conscience de l&rsquo;incroyable source d&rsquo;information qu&rsquo;est le sch\u00e9ma de lat\u00e9ralit\u00e9, j&rsquo;ai eu besoin de comprendre au niveau neurologique comment nos deux h\u00e9misph\u00e8res c\u00e9r\u00e9braux se sp\u00e9cialisent, d\u00e9cident d&rsquo;une dominance droite ou gauche puis se coordonnent.<br>J&rsquo;ai lu de nombreuses publications scientifiques et de la litt\u00e9rature sp\u00e9cialis\u00e9e, j&rsquo;ai confront\u00e9 ces informations \u00e0 l&rsquo;exp\u00e9rience d&rsquo;enseignants, de professionnels du soin et de la rem\u00e9diation, j&rsquo;ai recoup\u00e9 le tout avec mes observations personnelles.<br>Ce travail m&rsquo;a permis de voir \u00e9merger un ensemble de m\u00e9canismes \u0153uvrant ensemble \u00e0 la mise en place de la lat\u00e9ralit\u00e9(r\u00e9flexes archa\u00efques, sp\u00e9cialisation pr\u00e9coce, apprentissages par renforcement, modulation de la vitesse des influx neuronaux, ph\u00e9nom\u00e8ne de pr\u00e9dominance temporelle h\u00e9misph\u00e9rique)<br>Cette d\u00e9marche a consist\u00e9 \u00e0 r\u00e9unir dans un cadre unifi\u00e9 des donn\u00e9es d\u00e9j\u00e0 connues mais qui fallait relier entre-elles.<br>Je lui ai donn\u00e9 le nom de <strong>th\u00e9orie temporelle de la lat\u00e9ralisation<\/strong>, ou lat\u00e9ralisation en trois phases.<br>Cet aspect du d\u00e9veloppement psychomoteur li\u00e9 \u00e0 l&rsquo;augmentation progressive de la vitesse de circulation des influx nerveux au cours de la maturation du cerveau permet de r\u00e9pondre \u00e0 de nombreuses questions :<\/p>\n\n\n\n<ul class=\"wp-block-list\">\n<li>Comment s&rsquo;organise la mise de place de la lat\u00e9ralit\u00e9 ?<\/li>\n\n\n\n<li>Pourquoi certains \u00e2ges de la vie sont des p\u00e9riodes sensibles dans le cadre des apprentissages ?<\/li>\n\n\n\n<li>Comment expliquer certaines pr\u00e9cocit\u00e9s tout comme certains retards ?<\/li>\n\n\n\n<li>D\u2019o\u00f9 peuvent provenir certains sch\u00e9ma de lat\u00e9ralit\u00e9 complexes ?<\/li>\n\n\n\n<li>D\u2019o\u00f9 vient le ph\u00e9nom\u00e8ne \u00ab\u00a0d&#8217;emballement cognitif\u00a0\u00bb que connaissent certains \u00ab\u00a0atypiques\u00a0\u00bb (\u00ab\u00a0z\u00e8bres et autres HPI) ?<\/li>\n\n\n\n<li>Comment expliquer la conformation atypique de leurs  \u00ab\u00a0structures m\u00e8res\u00a0\u00bb cognitives lorsqu&rsquo;il y a pr\u00e9cocit\u00e9 ?<\/li>\n\n\n\n<li>Pourquoi certains atypiques sont plus sujets \u00e0 des troubles de l&rsquo;attention ?<\/li>\n\n\n\n<li>Comment fonctionnent certaines pratiques de r\u00e9\u00e9ducation\/ rem\u00e9diation des troubles des apprentissages ?<\/li>\n<\/ul>\n\n\n\n<p>Certe la connaissance de ces d\u00e9veloppements th\u00e9oriques n&rsquo;est pas indispensable \u00e0 la pratique de l&rsquo;analyse du sch\u00e9ma de lat\u00e9ralit\u00e9. <br>Cependant elle en assoit la pertinence, en affine la compr\u00e9hension et elle int\u00e9ressera toute personne qui s&rsquo;interroge sur la neurodiversit\u00e9, les troubles d&rsquo;apprentissage, le d\u00e9veloppement psychomoteur de l&rsquo;enfant et les m\u00e9thodes de r\u00e9\u00e9ducation et de rem\u00e9diation.<\/p>\n\n\n\n<div class=\"wp-block-buttons is-content-justification-center is-layout-flex wp-container-core-buttons-is-layout-16018d1d wp-block-buttons-is-layout-flex\">\n<div class=\"wp-block-button\"><a class=\"wp-block-button__link has-text-align-center wp-element-button\" href=\"https:\/\/schema-de-lateralite.etiennelang.com\/index.php\/les-bases-theoriques\/\" target=\"_blank\" rel=\"noreferrer noopener\">En savoir plus sur les bases th\u00e9oriques du sch\u00e9ma de lat\u00e9ralit\u00e9  <\/a><\/div>\n<\/div>\n\n\n\n<p><br><\/p>\n\n\n\n<p><\/p>\n\n\n\n<h3 class=\"wp-block-heading has-luminous-vivid-orange-color has-text-color has-background has-link-color wp-elements-e74b3b9927f2445a9767550671cec1b8\" style=\"background:linear-gradient(303deg,rgb(238,238,238) 0%,rgb(169,184,195) 100%)\"><span class=\"ez-toc-section\" id=\"le_schema_de_lateralite_comorbidite_dys_tdah_double_exceptionnalite\"><\/span><a href=\"https:\/\/schema-de-lateralite.etiennelang.com\/index.php\/comorbidite\/\" target=\"_blank\" rel=\"noreferrer noopener\">Le sch\u00e9ma de lat\u00e9ralit\u00e9 : comorbidit\u00e9 (dys, TDAH, double exceptionnalit\u00e9)<\/a><span class=\"ez-toc-section-end\"><\/span><\/h3>\n\n\n<div class=\"wp-block-image\">\n<figure class=\"alignleft size-full is-resized\"><img decoding=\"async\" src=\"https:\/\/etiennelang.com\/wp-content\/uploads\/2024\/02\/pexels-andrea-piacquadio-3755755.jpg\" alt=\"\" class=\"wp-image-951\" style=\"width:304px;height:auto\"\/><\/figure>\n<\/div>\n\n\n<p>Je consid\u00e8re que relever le sch\u00e9ma de lat\u00e9ralit\u00e9 d&rsquo;une personne, c&rsquo;est comme ouvrir le capot d&rsquo;une voiture et regarder fonctionner le moteur. <br>Si en r\u00e9alit\u00e9 il est impossible de de  \u00ab\u00a0soulever le capot\u00a0\u00bb de la boite cr\u00e2nienne et d&rsquo;observer le c\u00e2blage du cerveau, il est assez facile de d\u00e9duire du sch\u00e9ma de lat\u00e9ralit\u00e9 certaines caract\u00e9ristiques de son fonctionnement.<br>De m\u00eame que le m\u00e9canicien peut au premier coup d\u2019\u0153il comprendre une panne ou trouver l&rsquo;origine d&rsquo;un dysfonctionnement, on peut alors avoir une vue d&rsquo;ensemble du fonctionnement du sujet et trouver une explication logique \u00e0 toutes sortes de manifestations, au premier chef certains troubles des apprentissages.<br>Une des choses les plus importantes est que vu sous l&rsquo;angle d&rsquo;une lat\u00e9ralit\u00e9 complexe la dyslexie (au sens large du terme, mais elle se d\u00e9cline en une multitude de troubles \u00ab\u00a0dys\u00a0\u00bb) pourrait \u00eatre comprise comme un ph\u00e9nom\u00e8ne normal en regard de certaines particularit\u00e9s neurologiques. <br>Reste qu&rsquo;il s&rsquo;agit d&rsquo;un handicap bien r\u00e9el dans le contexte scolaire, sportif et parfois social. Mais ce handicap est souvent associ\u00e9s \u00e0 des talents exceptionnels qui en sont la contrepartie et qu&rsquo;il s&rsquo;agit de d\u00e9velopper. <br>La connaissance du sch\u00e9ma de lat\u00e9ralit\u00e9 permet de ne plus marcher \u00e0 l\u2019aveugle vers des solutions mais bien de comprendre, et pour le sujet, de se connaitre et se comprendre.<\/p>\n\n\n\n<div class=\"wp-block-buttons is-content-justification-center is-layout-flex wp-container-core-buttons-is-layout-16018d1d wp-block-buttons-is-layout-flex\">\n<div class=\"wp-block-button\"><a class=\"wp-block-button__link wp-element-button\" href=\"https:\/\/schema-de-lateralite.etiennelang.com\/index.php\/comorbidite\/\" target=\"_blank\" rel=\"noreferrer noopener\">En savoir plus sur les troubles \u00ab\u00a0dys\u00a0\u00bb associ\u00e9s \u00e0 d&rsquo;autre troubles<\/a><\/div>\n<\/div>\n\n\n\n<p><br><\/p>\n\n\n\n<h3 class=\"wp-block-heading has-luminous-vivid-orange-color has-very-light-gray-to-cyan-bluish-gray-gradient-background has-text-color has-background has-link-color wp-elements-c5cd2ef8a7b47612e113b08f7fbf4621\"><span class=\"ez-toc-section\" id=\"le_schema_de_lateralite_surdoues_hpi_zebres_et_autres_atypiques\"><\/span><a href=\"https:\/\/schema-de-lateralite.etiennelang.com\/index.php\/hpi-surdoues-et-autres-atypiques\/\" target=\"_blank\" rel=\"noreferrer noopener\">Le sch\u00e9ma de lat\u00e9ralit\u00e9 : surdou\u00e9s, HPI , z\u00e8bres et autres atypiques<\/a><span class=\"ez-toc-section-end\"><\/span><\/h3>\n\n\n<div class=\"wp-block-image\">\n<figure class=\"alignleft size-full is-resized\"><img decoding=\"async\" src=\"https:\/\/etiennelang.com\/wp-content\/uploads\/2024\/02\/pexels-andrea-piacquadio-3769714.jpg\" alt=\"\" class=\"wp-image-949\" style=\"width:307px;height:auto\"\/><\/figure>\n<\/div>\n\n\n<p>Ce n&rsquo;\u00e9tait  pas moindre des surprises qui m&rsquo;attendait en \u00e9tudiant syst\u00e9matiquement le sch\u00e9ma de lat\u00e9ralit\u00e9 de mes patients jeunes et moins jeunes que de constater que ce que l&rsquo;on nomme <em>pr\u00e9cocit\u00e9, douance, haut potentiel intellectuel ou profil atypique <\/em>est syst\u00e9matiquement associ\u00e9 \u00e0 certaines combinaisons de lat\u00e9ralit\u00e9.<br>Cette d\u00e9couverte incroyable m&rsquo;a permis de rassurer de nombreuses personnes, tout en leur donnant une base explicative \u00e0 leur particularit\u00e9. Les phrases les plus fr\u00e9quentes sont \u00ab\u00a0alors je ne suis pas fou (folle) \u00ab\u00a0, \u00ab\u00a0enfin quelqu&rsquo;un qui me comprend\u00a0\u00bb&#8230;<br>L&rsquo;\u00e9tude simple du sch\u00e9ma de lat\u00e9ralit\u00e9 donne ses cl\u00e9s sur les perceptions et les habilet\u00e9s.<br>L&rsquo;\u00e9tude combin\u00e9e du sch\u00e9ma ouvre \u00e0 la compression du ph\u00e9nom\u00e8ne d&#8217;emballement cognitif (\u00ab\u00a0je pense trop\u00a0\u00bb) au type de douance (profil laminaire ou complexe), \u00e0 l\u2019hypersensibilit\u00e9, et aux interactions sociales particuli\u00e8res.<br>Le bilan pose les bases d&rsquo;une reconnaissance et d&rsquo;une acceptation de soi qu&rsquo;il faudra ensuite ancrer par un travail sur soi.<\/p>\n\n\n\n<div class=\"wp-block-buttons is-content-justification-center is-layout-flex wp-container-core-buttons-is-layout-16018d1d wp-block-buttons-is-layout-flex\">\n<div class=\"wp-block-button\"><a class=\"wp-block-button__link wp-element-button\" href=\"https:\/\/schema-de-lateralite.etiennelang.com\/index.php\/hpi-surdoues-et-autres-atypiques\/\" target=\"_blank\" rel=\"noreferrer noopener\">En savoir plus sur le sch\u00e9ma de lat\u00e9ralit\u00e9 du haut potentiel intellectuel<\/a><\/div>\n<\/div>\n\n\n\n<p><\/p>\n\n\n\n<h3 class=\"wp-block-heading is-style-default has-luminous-vivid-orange-color has-very-light-gray-to-cyan-bluish-gray-gradient-background has-text-color has-background has-link-color wp-elements-9d5264dee5232747b0eb9e50ca4499fe\"><span class=\"ez-toc-section\" id=\"le_schema_de_lateralite_laffectivite_des_droitiers_et_des_gauchers\"><\/span><a href=\"https:\/\/schema-de-lateralite.etiennelang.com\/index.php\/laffectivite-des-droitiers-et-gauchers\/\" target=\"_blank\" rel=\"noreferrer noopener\">Le sch\u00e9ma de lat\u00e9ralit\u00e9 : l&rsquo;affectivit\u00e9 des droitiers et des gauchers<\/a><span class=\"ez-toc-section-end\"><\/span><\/h3>\n\n\n<div class=\"wp-block-image\">\n<figure class=\"alignleft size-full is-resized\"><img decoding=\"async\" src=\"https:\/\/etiennelang.com\/wp-content\/uploads\/2024\/02\/pexels-heloisa-freitas-16080992.jpg\" alt=\"\" class=\"wp-image-950\" style=\"width:225px;height:auto\"\/><\/figure>\n<\/div>\n\n\n<p>Lors de ma formation en Psychosomatique Clinique et Humaniste il m&rsquo;a \u00e9t\u00e9 donn\u00e9 d&rsquo;entendre une chose que j&rsquo;ai d&rsquo;abord trouv\u00e9e tr\u00e8s \u00e9trange. Gaucher et gauch\u00e8res n&rsquo;auraient pas la m\u00eame affectivit\u00e9, les m\u00eames centres d\u2019int\u00e9r\u00eat, les m\u00eames interactions sociale que les droitiers et les droiti\u00e8res.<br>En consultation j&rsquo;ai pu commencer \u00e0 le v\u00e9rifier r\u00e9guli\u00e8rement. Bon nombre de femmes se qualifiant de \u00ab\u00a0gar\u00e7on manqu\u00e9\u00a0\u00bb et d&rsquo;homme se qualifiant \u00ab\u00a0d&rsquo;homme sensible\u00a0\u00bb \u00e9taient effectivement dot\u00e9s d&rsquo;un certain type de sch\u00e9ma de lat\u00e9ralit\u00e9 . Certains et certaines se situaient entre deux p\u00f4les et portaient un sch\u00e9ma mixte.<br>Chez les enfants les questions de harc\u00e8lement scolaire \u00e9taient souvent li\u00e9es \u00e0 leur diff\u00e9rence dans leur fa\u00e7on d\u2019aborder les relations avec les autres enfants. Parfois \u00e9galement dans la famille ou leur particularit\u00e9 n&rsquo;\u00e9tait pas toujours comprise, se m\u00ealant parfois m\u00eame \u00e0 une dysphorie de genre (sensation de discordance entre le sexe biologique et le genre ressenti)<br>Il existe peu de travaux de recherche sur l&rsquo;affectivit\u00e9 li\u00e9e \u00e0 la lat\u00e9ralit\u00e9 m\u00eame si quelques pistes se dessinent.<br>Mais dans le cadre du bilan de lat\u00e9ralit\u00e9 la prise en compte de cette dimension est fondamentale et tr\u00e8s souvent l&rsquo;occasion d&rsquo;une meilleure compr\u00e9hension, un meilleurs acceptation de soi.<\/p>\n\n\n\n<div class=\"wp-block-buttons is-content-justification-center is-layout-flex wp-container-core-buttons-is-layout-16018d1d wp-block-buttons-is-layout-flex\">\n<div class=\"wp-block-button\"><a class=\"wp-block-button__link wp-element-button\" href=\"https:\/\/schema-de-lateralite.etiennelang.com\/index.php\/laffectivite-des-droitiers-et-gauchers\/\" target=\"_blank\" rel=\"noreferrer noopener\">En savoir plus sur l&rsquo;affectivit\u00e9 en relation avec le sch\u00e9ma de lat\u00e9ralit\u00e9<\/a><\/div>\n<\/div>\n\n\n\n<p><\/p>\n\n\n\n<h3 class=\"wp-block-heading has-luminous-vivid-orange-color has-very-light-gray-to-cyan-bluish-gray-gradient-background has-text-color has-background has-link-color wp-elements-e030d98fba631bc37abfcc756790de75\"><span class=\"ez-toc-section\" id=\"le_schema_de_lateralite_pour_quels_professionnels\"><\/span><a href=\"https:\/\/schema-de-lateralite.etiennelang.com\/index.php\/les-professions-concernees\/\" target=\"_blank\" rel=\"noreferrer noopener\">Le sch\u00e9ma de lat\u00e9ralit\u00e9 : pour quels professionnels ?<\/a><span class=\"ez-toc-section-end\"><\/span><\/h3>\n\n\n<div class=\"wp-block-image\">\n<figure class=\"alignleft size-full is-resized\"><img decoding=\"async\" src=\"https:\/\/etiennelang.com\/wp-content\/uploads\/2024\/02\/pexels-katerina-holmes-5905492.jpg\" alt=\"\" class=\"wp-image-952\" style=\"width:287px;height:auto\"\/><\/figure>\n<\/div>\n\n\n<p>La pratique du relev\u00e9 et de l&rsquo;interpr\u00e9tation du sch\u00e9ma de lat\u00e9ralit\u00e9 concerne potentiellement tous les professionnel travaillant au contact d&rsquo;\u00e9l\u00e8ve ou de patients en difficult\u00e9. Il peut aussi enrichir consid\u00e9rablement le travail en psychoth\u00e9rapie.<br>Selon les cas il pourra s&rsquo;agir d&rsquo;un outil utilis\u00e9 \u00e0 titre d&rsquo;information, venant orienter la r\u00e9flexion sur des axes p\u00e9dagogiques, informer un \u00e9l\u00e8ve et ses parents sur certaines pistes \u00e0 suivre.<br>Les enseignants sportifs et artistiques y trouverons la justification de leur enseignement qui est au c\u0153ur du d\u00e9veloppement de l&rsquo;enfant.<br>Parfois cela pourra devenir un \u00e9l\u00e9ment diagnostic utilis\u00e9 en routine dans le cadre de diverses consultations de th\u00e9rapeutes.<br>Pour les professions qui sont( centr\u00e9e sur le sujet de la neuropsychologie et le neuro-d\u00e9veloppement le sch\u00e9ma de lat\u00e9ralit\u00e9 deviendra certainement un incontournable.<\/p>\n\n\n\n<div class=\"wp-block-buttons is-content-justification-center is-layout-flex wp-container-core-buttons-is-layout-16018d1d wp-block-buttons-is-layout-flex\">\n<div class=\"wp-block-button\"><a class=\"wp-block-button__link wp-element-button\" href=\"https:\/\/schema-de-lateralite.etiennelang.com\/index.php\/les-professions-concernees\/\" target=\"_blank\" rel=\"noreferrer noopener\">En savoir plus sur les professions concern\u00e9es par le sch\u00e9ma de lat\u00e9ralit\u00e9<\/a><\/div>\n<\/div>\n\n\n\n<h3 class=\"wp-block-heading has-luminous-vivid-orange-color has-very-light-gray-to-cyan-bluish-gray-gradient-background has-text-color has-background has-link-color wp-elements-e3ab39b338e10f1b8d79c9d97a52465c\"><span class=\"ez-toc-section\" id=\"lateralite_et_apprentissage_publications_a_venir\"><\/span><a href=\"https:\/\/schema-de-lateralite.etiennelang.com\/index.php\/publications\/\" target=\"_blank\" rel=\"noreferrer noopener\">Lat\u00e9ralit\u00e9 et apprentissage : publications \u00e0 venir<\/a><span class=\"ez-toc-section-end\"><\/span><\/h3>\n\n\n<div class=\"wp-block-image\">\n<figure class=\"alignleft size-full is-resized\"><img loading=\"lazy\" decoding=\"async\" width=\"602\" height=\"400\" src=\"https:\/\/schema-de-lateralite.etiennelang.com\/wp-content\/uploads\/2024\/03\/pexels-caio-46274.jpg\" alt=\"\" class=\"wp-image-107\" style=\"width:300px;height:auto\" srcset=\"https:\/\/schema-de-lateralite.etiennelang.com\/wp-content\/uploads\/2024\/03\/pexels-caio-46274.jpg 602w, https:\/\/schema-de-lateralite.etiennelang.com\/wp-content\/uploads\/2024\/03\/pexels-caio-46274-300x199.jpg 300w\" sizes=\"auto, (max-width: 602px) 100vw, 602px\" \/><\/figure>\n<\/div>\n\n\n<p>\u00c9crire demande du temps, mais j&rsquo;ai vraiment \u00e0 c\u0153ur de partager mes d\u00e9couvertes dans un format qui permet de rentrer dans le d\u00e9tail du monde passionnant du d\u00e9veloppement de l&rsquo;enfant sous l&rsquo;angle de la lat\u00e9ralit\u00e9. <br>Un livre est en gestation, d&rsquo;autres devraient voir le jour pour le compl\u00e9ter dans des domaines plus pr\u00e9cis.<\/p>\n\n\n\n<div class=\"wp-block-buttons is-content-justification-center is-layout-flex wp-container-core-buttons-is-layout-16018d1d wp-block-buttons-is-layout-flex\">\n<div class=\"wp-block-button\"><a class=\"wp-block-button__link wp-element-button\" href=\"https:\/\/schema-de-lateralite.etiennelang.com\/index.php\/publications\/\" target=\"_blank\" rel=\"noreferrer noopener\">en savoir plus<\/a><\/div>\n<\/div>\n\n\n\n<h3 class=\"wp-block-heading has-luminous-vivid-orange-color has-very-light-gray-to-cyan-bluish-gray-gradient-background has-text-color has-background has-link-color wp-elements-8f39aee729f69df971cb10907a6c5bda\"><span class=\"ez-toc-section\" id=\"formation\"><\/span><a href=\"https:\/\/schema-de-lateralite.etiennelang.com\/index.php\/formation\/\" target=\"_blank\" rel=\"noreferrer noopener\">Formation<\/a><span class=\"ez-toc-section-end\"><\/span><\/h3>\n\n\n\n<blockquote class=\"wp-block-quote is-layout-flow wp-block-quote-is-layout-flow\">\n<p><strong>Les formations pour 2026 sont en pr\u00e9paration<\/strong><\/p>\n<\/blockquote>\n\n\n\n<h4 class=\"wp-block-heading\"><span class=\"ez-toc-section\" id=\"deux_types_de_formations_sont_proposees\"><\/span>Deux types de formations sont propos\u00e9es<span class=\"ez-toc-section-end\"><\/span><\/h4>\n\n\n\n<ul class=\"wp-block-list\">\n<li><strong>enseignants<\/strong> (professeurs des \u00e9coles, enseignants sp\u00e9cialis\u00e9s, enseignants sportifs et professeurs des disciplines artistiques)<\/li>\n\n\n\n<li><strong>th\u00e9rapeutes<\/strong> (pour le travail en consultation, pour le travail en rem\u00e9diation)<\/li>\n<\/ul>\n\n\n<ul class=\"wp-block-page-list\"><li class=\"wp-block-pages-list__item menu-item-home\"><a class=\"wp-block-pages-list__item__link\" href=\"https:\/\/schema-de-lateralite.etiennelang.com\/\">accueil<\/a><\/li><li class=\"wp-block-pages-list__item\"><a class=\"wp-block-pages-list__item__link\" href=\"https:\/\/schema-de-lateralite.etiennelang.com\/index.php\/comorbidite\/\">Comorbidit\u00e9<\/a><\/li><li class=\"wp-block-pages-list__item\"><a class=\"wp-block-pages-list__item__link\" href=\"https:\/\/schema-de-lateralite.etiennelang.com\/index.php\/formation\/\">Formation<\/a><\/li><li class=\"wp-block-pages-list__item\"><a class=\"wp-block-pages-list__item__link\" href=\"https:\/\/schema-de-lateralite.etiennelang.com\/index.php\/forum\/\">Forum<\/a><\/li><li class=\"wp-block-pages-list__item\"><a class=\"wp-block-pages-list__item__link\" href=\"https:\/\/schema-de-lateralite.etiennelang.com\/index.php\/hpi-surdoues-et-autres-atypiques\/\">HPI, surdou\u00e9s et autres atypiques<\/a><\/li><li class=\"wp-block-pages-list__item\"><a class=\"wp-block-pages-list__item__link\" href=\"https:\/\/schema-de-lateralite.etiennelang.com\/index.php\/laffectivite-des-droitiers-et-gauchers\/\">L&rsquo;affectivit\u00e9 des droitiers et gauchers<\/a><\/li><li class=\"wp-block-pages-list__item\"><a class=\"wp-block-pages-list__item__link\" href=\"https:\/\/schema-de-lateralite.etiennelang.com\/index.php\/la-pratique\/\">La pratique<\/a><\/li><li class=\"wp-block-pages-list__item\"><a class=\"wp-block-pages-list__item__link\" href=\"https:\/\/schema-de-lateralite.etiennelang.com\/index.php\/les-bases-theoriques\/\">Les bases th\u00e9oriques<\/a><\/li><li class=\"wp-block-pages-list__item\"><a class=\"wp-block-pages-list__item__link\" href=\"https:\/\/schema-de-lateralite.etiennelang.com\/index.php\/les-professions-concernees\/\">Les professions concern\u00e9es<\/a><\/li><li class=\"wp-block-pages-list__item\"><a class=\"wp-block-pages-list__item__link\" href=\"https:\/\/schema-de-lateralite.etiennelang.com\/index.php\/les-troubles-des-apprentissages\/\">Les troubles des apprentissages<\/a><\/li><li class=\"wp-block-pages-list__item\"><a class=\"wp-block-pages-list__item__link\" href=\"https:\/\/schema-de-lateralite.etiennelang.com\/index.php\/presentation\/\">Pr\u00e9sentation<\/a><\/li><li class=\"wp-block-pages-list__item\"><a class=\"wp-block-pages-list__item__link\" href=\"https:\/\/schema-de-lateralite.etiennelang.com\/index.php\/publications\/\">Publications<\/a><\/li><li class=\"wp-block-pages-list__item has-child\"><a class=\"wp-block-pages-list__item__link\" href=\"https:\/\/schema-de-lateralite.etiennelang.com\/index.php\/questions\/\">Questions<\/a><ul class=\"wp-block-navigation__submenu-container\"><li class=\"wp-block-pages-list__item \"><a class=\"wp-block-pages-list__item__link\" href=\"https:\/\/schema-de-lateralite.etiennelang.com\/index.php\/questions\/activities\/\">Activit\u00e9s<\/a><\/li><li class=\"wp-block-pages-list__item \"><a class=\"wp-block-pages-list__item__link\" href=\"https:\/\/schema-de-lateralite.etiennelang.com\/index.php\/questions\/categories\/\">Cat\u00e9gories<\/a><\/li><li class=\"wp-block-pages-list__item \"><a class=\"wp-block-pages-list__item__link\" href=\"https:\/\/schema-de-lateralite.etiennelang.com\/index.php\/questions\/tags\/\">\u00c9tiquettes<\/a><\/li><li class=\"wp-block-pages-list__item \"><a class=\"wp-block-pages-list__item__link\" href=\"https:\/\/schema-de-lateralite.etiennelang.com\/index.php\/questions\/ask\/\">Poser une question<\/a><\/li><li class=\"wp-block-pages-list__item \"><a class=\"wp-block-pages-list__item__link\" href=\"https:\/\/schema-de-lateralite.etiennelang.com\/index.php\/questions\/profile\/\">Profil<\/a><\/li><\/ul><\/li><\/ul><div id=\"ez-toc-container\" class=\"ez-toc-v2_0_82_2 counter-hierarchy ez-toc-counter ez-toc-light-blue ez-toc-container-direction\">\n<div class=\"ez-toc-title-container\">\n<p class=\"ez-toc-title\" style=\"cursor:inherit\">Sommaire de la page<\/p>\n<span class=\"ez-toc-title-toggle\"><a href=\"#\" class=\"ez-toc-pull-right ez-toc-btn ez-toc-btn-xs ez-toc-btn-default ez-toc-toggle\" aria-label=\"Toggle Table of Content\"><span class=\"ez-toc-js-icon-con\"><span class=\"\"><span class=\"eztoc-hide\" style=\"display:none;\">Toggle<\/span><span class=\"ez-toc-icon-toggle-span\"><svg style=\"fill: #999;color:#999\" xmlns=\"http:\/\/www.w3.org\/2000\/svg\" class=\"list-377408\" width=\"20px\" height=\"20px\" viewBox=\"0 0 24 24\" fill=\"none\"><path d=\"M6 6H4v2h2V6zm14 0H8v2h12V6zM4 11h2v2H4v-2zm16 0H8v2h12v-2zM4 16h2v2H4v-2zm16 0H8v2h12v-2z\" fill=\"currentColor\"><\/path><\/svg><svg style=\"fill: #999;color:#999\" class=\"arrow-unsorted-368013\" xmlns=\"http:\/\/www.w3.org\/2000\/svg\" width=\"10px\" height=\"10px\" viewBox=\"0 0 24 24\" version=\"1.2\" baseProfile=\"tiny\"><path d=\"M18.2 9.3l-6.2-6.3-6.2 6.3c-.2.2-.3.4-.3.7s.1.5.3.7c.2.2.4.3.7.3h11c.3 0 .5-.1.7-.3.2-.2.3-.5.3-.7s-.1-.5-.3-.7zM5.8 14.7l6.2 6.3 6.2-6.3c.2-.2.3-.5.3-.7s-.1-.5-.3-.7c-.2-.2-.4-.3-.7-.3h-11c-.3 0-.5.1-.7.3-.2.2-.3.5-.3.7s.1.5.3.7z\"\/><\/svg><\/span><\/span><\/span><\/a><\/span><\/div>\n<nav><ul class='ez-toc-list ez-toc-list-level-1 ' ><li class='ez-toc-page-1 ez-toc-heading-level-3'><a class=\"ez-toc-link ez-toc-heading-1\" href=\"https:\/\/schema-de-lateralite.etiennelang.com\/index.php\/presentation\/#lanalyse_du_schema_de_lateralite\" >L&rsquo;analyse du sch\u00e9ma de lat\u00e9ralit\u00e9<\/a><\/li><li class='ez-toc-page-1 ez-toc-heading-level-3'><a class=\"ez-toc-link ez-toc-heading-2\" href=\"https:\/\/schema-de-lateralite.etiennelang.com\/index.php\/presentation\/#un_nouvel_outil_de_comprehension_des_troubles_%c2%ab_dys_%c2%bb_du_hpi_de_la_double_exceptionnalite_et_des_profils_atypiques\" >Un nouvel outil de compr\u00e9hension des troubles \u00ab\u00a0dys\u00a0\u00bb, du HPI, de la double exceptionnalit\u00e9, et des profils atypiques.<\/a><\/li><li class='ez-toc-page-1 ez-toc-heading-level-3'><a class=\"ez-toc-link ez-toc-heading-3\" href=\"https:\/\/schema-de-lateralite.etiennelang.com\/index.php\/presentation\/#une_voie_dentree_vers_des_enseignements_adaptes_et_des_remediations_ciblees\" >Une voie d\u2019entr\u00e9e vers des enseignements adapt\u00e9s et des rem\u00e9diations cibl\u00e9es.<\/a><\/li><li class='ez-toc-page-1 ez-toc-heading-level-3'><a class=\"ez-toc-link ez-toc-heading-4\" href=\"https:\/\/schema-de-lateralite.etiennelang.com\/index.php\/presentation\/#gauchers_droitiers_mixtes_et_ambidextres_napprennent_pas_de_la_meme_facon\" >Gauchers, droitiers, mixtes et ambidextres n&rsquo;apprennent pas de la m\u00eame fa\u00e7on !<\/a><ul class='ez-toc-list-level-5' ><li class='ez-toc-heading-level-5'><ul class='ez-toc-list-level-5' ><li class='ez-toc-heading-level-5'><a class=\"ez-toc-link ez-toc-heading-5\" href=\"https:\/\/schema-de-lateralite.etiennelang.com\/index.php\/presentation\/#vous_trouverez_sur_cette_page_tout_ce_qui_est_necessaire_pour_comprendre_a_quoi_sert_la_notion_danalyse_du_schema_de_lateralite_et_commencer_a_la_decouvrir\" >Vous trouverez sur cette page tout ce qui est n\u00e9cessaire pour comprendre \u00e0 quoi sert la notion d&rsquo;analyse du sch\u00e9ma de lat\u00e9ralit\u00e9 et commencer \u00e0 la d\u00e9couvrir.<\/a><\/li><li class='ez-toc-page-1 ez-toc-heading-level-5'><a class=\"ez-toc-link ez-toc-heading-6\" href=\"https:\/\/schema-de-lateralite.etiennelang.com\/index.php\/presentation\/#je_vous_invite_a_decouvrir_ici_le_fruit_de_mon_travail_de_recherche_base_sur_des_annees_dobservations_en_cabinet_etaye_par_le_recueil_de_nombreuses_donnees_publiees_dans_les_domaines_des_sciences_de_leducation_de_la_neuro-imagerie_de_la_psychologie_et_remediation_des_troubles_des_apprentissages\" >Je vous invite \u00e0 d\u00e9couvrir ici le fruit de mon travail de recherche bas\u00e9 sur des ann\u00e9es d&rsquo;observations en cabinet \u00e9tay\u00e9 par le recueil de nombreuses donn\u00e9es publi\u00e9es dans les domaines des sciences de l&rsquo;\u00e9ducation, de la neuro-imagerie, de la psychologie et rem\u00e9diation des troubles des apprentissages.<\/a><\/li><li class='ez-toc-page-1 ez-toc-heading-level-5'><a class=\"ez-toc-link ez-toc-heading-7\" href=\"https:\/\/schema-de-lateralite.etiennelang.com\/index.php\/presentation\/#je_tiens_a_remercier_tout_les_professionnels_qui_oeuvrent_chaque_jour_a_aider_les_eleves_et_leurs_enseignant_a_mettre_au_point_une_pedagogie_respectant_la_neurodiversite_touts_les_professeurs_et_les_aidants_dont_le_travail_ma_inspire_tout_les_chercheurs_qui_ont_publies_des_articles_sur_le_sujet_du_developpement_du_cerveau\" >Je tiens \u00e0 remercier  tout les professionnels qui \u0153uvrent chaque jour \u00e0 aider les \u00e9l\u00e8ves et leurs enseignant \u00e0 mettre au point une p\u00e9dagogie respectant la neurodiversit\u00e9, touts les professeurs et les aidants dont le travail m&rsquo;a inspir\u00e9, tout les chercheurs qui ont publi\u00e9s des articles sur le sujet du d\u00e9veloppement du cerveau<\/a><\/li><li class='ez-toc-page-1 ez-toc-heading-level-5'><a class=\"ez-toc-link ez-toc-heading-8\" href=\"https:\/\/schema-de-lateralite.etiennelang.com\/index.php\/presentation\/#cest_grace_a_eux_que_jai_pu_dans_les_annees_2010_%c2%ab_avoir_le_declic_%c2%bb_et_reunir_diverses_informations_au_sein_dune_theorie_et_dune_pratique_unifiee_simple_dacces_utile_a_tous_lanalyse_du_schema_de_lateralite\" >C&rsquo;est gr\u00e2ce \u00e0 eux que j&rsquo;ai pu dans les ann\u00e9es 2010 \u00ab\u00a0avoir le d\u00e9clic\u00a0\u00bb et r\u00e9unir diverses informations au sein d&rsquo;une th\u00e9orie et d&rsquo;une pratique unifi\u00e9e, simple d&rsquo;acc\u00e8s, utile \u00e0 tous : l&rsquo;analyse du sch\u00e9ma de lat\u00e9ralit\u00e9.<\/a><\/li><\/ul><\/li><li class='ez-toc-page-1 ez-toc-heading-level-4'><a class=\"ez-toc-link ez-toc-heading-9\" href=\"https:\/\/schema-de-lateralite.etiennelang.com\/index.php\/presentation\/#il_sagit_en_dune_premiere_publication_le_contenu_est_amene_a_senrichir_au_fil_du_temps_bonne_lecture_etienne_lang_createur_du_concept_danalyse_du_schema_de_lateralite\" >Il s&rsquo;agit en d&rsquo;une premi\u00e8re publication,  le contenu est amen\u00e9 \u00e0 s&rsquo;enrichir au fil du temps. Bonne lecture !  Etienne Lang , cr\u00e9ateur du concept d&rsquo;analyse du sch\u00e9ma de lat\u00e9ralit\u00e9<\/a><\/li><\/ul><\/li><li class='ez-toc-page-1 ez-toc-heading-level-3'><a class=\"ez-toc-link ez-toc-heading-10\" href=\"https:\/\/schema-de-lateralite.etiennelang.com\/index.php\/presentation\/#le_schema_de_lateralite_la_pratique\" >Le sch\u00e9ma de lat\u00e9ralit\u00e9 : la pratique<\/a><\/li><li class='ez-toc-page-1 ez-toc-heading-level-3'><a class=\"ez-toc-link ez-toc-heading-11\" href=\"https:\/\/schema-de-lateralite.etiennelang.com\/index.php\/presentation\/#le_schema_de_lateralite_les_troubles_des_apprentissages\" >Le sch\u00e9ma de lat\u00e9ralit\u00e9 : les troubles des apprentissages<\/a><\/li><li class='ez-toc-page-1 ez-toc-heading-level-3'><a class=\"ez-toc-link ez-toc-heading-12\" href=\"https:\/\/schema-de-lateralite.etiennelang.com\/index.php\/presentation\/#le_schema_de_lateralite_les_bases_theoriques\" >Le sch\u00e9ma de lat\u00e9ralit\u00e9 : les bases th\u00e9oriques<\/a><\/li><li class='ez-toc-page-1 ez-toc-heading-level-3'><a class=\"ez-toc-link ez-toc-heading-13\" href=\"https:\/\/schema-de-lateralite.etiennelang.com\/index.php\/presentation\/#le_schema_de_lateralite_comorbidite_dys_tdah_double_exceptionnalite\" >Le sch\u00e9ma de lat\u00e9ralit\u00e9 : comorbidit\u00e9 (dys, TDAH, double exceptionnalit\u00e9)<\/a><\/li><li class='ez-toc-page-1 ez-toc-heading-level-3'><a class=\"ez-toc-link ez-toc-heading-14\" href=\"https:\/\/schema-de-lateralite.etiennelang.com\/index.php\/presentation\/#le_schema_de_lateralite_surdoues_hpi_zebres_et_autres_atypiques\" >Le sch\u00e9ma de lat\u00e9ralit\u00e9 : surdou\u00e9s, HPI , z\u00e8bres et autres atypiques<\/a><\/li><li class='ez-toc-page-1 ez-toc-heading-level-3'><a class=\"ez-toc-link ez-toc-heading-15\" href=\"https:\/\/schema-de-lateralite.etiennelang.com\/index.php\/presentation\/#le_schema_de_lateralite_laffectivite_des_droitiers_et_des_gauchers\" >Le sch\u00e9ma de lat\u00e9ralit\u00e9 : l&rsquo;affectivit\u00e9 des droitiers et des gauchers<\/a><\/li><li class='ez-toc-page-1 ez-toc-heading-level-3'><a class=\"ez-toc-link ez-toc-heading-16\" href=\"https:\/\/schema-de-lateralite.etiennelang.com\/index.php\/presentation\/#le_schema_de_lateralite_pour_quels_professionnels\" >Le sch\u00e9ma de lat\u00e9ralit\u00e9 : pour quels professionnels ?<\/a><\/li><li class='ez-toc-page-1 ez-toc-heading-level-3'><a class=\"ez-toc-link ez-toc-heading-17\" href=\"https:\/\/schema-de-lateralite.etiennelang.com\/index.php\/presentation\/#lateralite_et_apprentissage_publications_a_venir\" >Lat\u00e9ralit\u00e9 et apprentissage : publications \u00e0 venir<\/a><\/li><li class='ez-toc-page-1 ez-toc-heading-level-3'><a class=\"ez-toc-link ez-toc-heading-18\" href=\"https:\/\/schema-de-lateralite.etiennelang.com\/index.php\/presentation\/#formation\" >Formation<\/a><ul class='ez-toc-list-level-4' ><li class='ez-toc-heading-level-4'><a class=\"ez-toc-link ez-toc-heading-19\" href=\"https:\/\/schema-de-lateralite.etiennelang.com\/index.php\/presentation\/#deux_types_de_formations_sont_proposees\" >Deux types de formations sont propos\u00e9es<\/a><\/li><\/ul><\/li><\/ul><\/nav><\/div>\n","protected":false},"excerpt":{"rendered":"<p>L&rsquo;analyse du sch\u00e9ma de lat\u00e9ralit\u00e9 Un nouvel outil de compr\u00e9hension des troubles \u00ab\u00a0dys\u00a0\u00bb, du HPI, de la double exceptionnalit\u00e9, et des profils atypiques. Une voie d\u2019entr\u00e9e vers des enseignements adapt\u00e9s et des rem\u00e9diations cibl\u00e9es. Gauchers, droitiers, mixtes et ambidextres n&rsquo;apprennent pas de la m\u00eame fa\u00e7on ! Vous trouverez sur cette page tout ce qui est [&hellip;]<\/p>\n","protected":false},"author":1,"featured_media":0,"parent":0,"menu_order":0,"comment_status":"closed","ping_status":"open","template":"","meta":{"advanced_seo_description":"","jetpack_seo_html_title":"","jetpack_seo_noindex":false,"footnotes":""},"class_list":["post-2","page","type-page","status-publish","hentry","post"],"jetpack_sharing_enabled":true,"_links":{"self":[{"href":"https:\/\/schema-de-lateralite.etiennelang.com\/index.php\/wp-json\/wp\/v2\/pages\/2","targetHints":{"allow":["GET"]}}],"collection":[{"href":"https:\/\/schema-de-lateralite.etiennelang.com\/index.php\/wp-json\/wp\/v2\/pages"}],"about":[{"href":"https:\/\/schema-de-lateralite.etiennelang.com\/index.php\/wp-json\/wp\/v2\/types\/page"}],"author":[{"embeddable":true,"href":"https:\/\/schema-de-lateralite.etiennelang.com\/index.php\/wp-json\/wp\/v2\/users\/1"}],"replies":[{"embeddable":true,"href":"https:\/\/schema-de-lateralite.etiennelang.com\/index.php\/wp-json\/wp\/v2\/comments?post=2"}],"version-history":[{"count":37,"href":"https:\/\/schema-de-lateralite.etiennelang.com\/index.php\/wp-json\/wp\/v2\/pages\/2\/revisions"}],"predecessor-version":[{"id":260,"href":"https:\/\/schema-de-lateralite.etiennelang.com\/index.php\/wp-json\/wp\/v2\/pages\/2\/revisions\/260"}],"wp:attachment":[{"href":"https:\/\/schema-de-lateralite.etiennelang.com\/index.php\/wp-json\/wp\/v2\/media?parent=2"}],"curies":[{"name":"wp","href":"https:\/\/api.w.org\/{rel}","templated":true}]}}