{"id":101,"date":"2024-03-08T16:11:24","date_gmt":"2024-03-08T15:11:24","guid":{"rendered":"https:\/\/schema-de-lateralite.etiennelang.com\/?page_id=101"},"modified":"2024-03-16T17:37:40","modified_gmt":"2024-03-16T16:37:40","slug":"hpi-surdoues-et-autres-atypiques","status":"publish","type":"page","link":"https:\/\/schema-de-lateralite.etiennelang.com\/index.php\/hpi-surdoues-et-autres-atypiques\/","title":{"rendered":"HPI, surdou\u00e9s et autres atypiques"},"content":{"rendered":"\n<p><\/p>\n\n\n\n<h3 class=\"wp-block-heading\"><span class=\"ez-toc-section\" id=\"on_en_sait_enfin_plus_sur_le_cerveau_atypique\"><\/span>On en sait enfin plus sur le cerveau atypique<span class=\"ez-toc-section-end\"><\/span><\/h3>\n\n\n\n<p>J&rsquo;ai accumul\u00e9 des observations pendant des ann\u00e9es sur des enfants et des adultes et je suis aujourd&rsquo;hui convaincu d&rsquo;une chose :  le sch\u00e9ma de lat\u00e9ralit\u00e9 est une cl\u00e9 majeure de compr\u00e9hension du cerveau <a href=\"https:\/\/www.amazon.fr\/Atypique-re%C3%A7ues-d%C3%A9crypt%C3%A9es-atypiques-cerveau\/dp\/2958644901\/ref=monarch_sidesheet\" target=\"_blank\" rel=\"noreferrer noopener\">atypique<\/a>.<\/p>\n\n\n<div class=\"wp-block-image\">\n<figure class=\"alignleft size-full is-resized\"><img decoding=\"async\" src=\"https:\/\/etiennelang.com\/wp-content\/uploads\/2024\/03\/pexels-mike-bird-3820181.jpg\" alt=\"\" class=\"wp-image-1008\" style=\"width:267px;height:auto\"\/><\/figure>\n<\/div>\n\n\n<p>Pour le dire autrement, il existe un nombre limit\u00e9 de combinaisons de lat\u00e9ralit\u00e9 \u0153il\/oreille\/ main\/jambe qui sont syst\u00e9matiquement associ\u00e9es au Haut Potentiel Intellectuel.<br>La plupart des sch\u00e9mas complexes sont associ\u00e9e d&rsquo;une fa\u00e7on ou d&rsquo;une autre \u00e0 des caract\u00e9ristiques li\u00e9es au mode de  pens\u00e9e \u00ab\u00a0atypique\u00a0\u00bb dit aussi <a href=\"https:\/\/www.odilejacob.fr\/catalogue\/psychologie\/developpement-personnel\/philo-cognitifs_9782738146724.php\" data-type=\"link\" data-id=\"https:\/\/www.odilejacob.fr\/catalogue\/psychologie\/developpement-personnel\/philo-cognitifs_9782738146724.php\" target=\"_blank\" rel=\"noreferrer noopener\">\u00ab\u00a0philo-cognitif\u00a0\u00bb<\/a>. <br>De plus chaque combinaison, chaque sch\u00e9ma de lat\u00e9ralit\u00e9 est sp\u00e9cifique d&rsquo;une certaine \u00ab\u00a0coloration\u00a0\u00bb qui ont pour nom  <a href=\"https:\/\/suivezlezebre.com\/zebre-profil-laminaire-complexe\/\" data-type=\"link\" data-id=\"https:\/\/suivezlezebre.com\/zebre-profil-laminaire-complexe\/\" target=\"_blank\" rel=\"noreferrer noopener\">\u00ab\u00a0laminaire ou complexe\u00a0\u00bb<\/a> et autres distinctions jusqu&rsquo;ici constat\u00e9es mais non expliqu\u00e9es.<\/p>\n\n\n\n<h3 class=\"wp-block-heading\"><span class=\"ez-toc-section\" id=\"test_wisc_ou_wais_heterogene_enfin_une_explication\"><\/span><br>Test WISC ou WAIS h\u00e9t\u00e9rog\u00e8ne : enfin une explication ?<span class=\"ez-toc-section-end\"><\/span><\/h3>\n\n\n\n<p>Rien n&rsquo;est plus frustrant que de passer un <a href=\"https:\/\/www.hpi-fonction-publique.fr\/hpi-cest-quoi\/la-wais\/\" target=\"_blank\" rel=\"noreferrer noopener\">\u00ab\u00a0test de QI\u00a0\u00bb<\/a> dans le but d&rsquo;y voir plus clair et de recevoir comme r\u00e9sultat la mention \u00ab\u00a0test h\u00e9t\u00e9rog\u00e8ne, un chiffre ne peut \u00eatre \u00e9tabli\u00a0\u00bb.<br>M\u00eame si le professionnel qui a fait passer le test insiste sur l&rsquo;interpr\u00e9tation des diff\u00e9rents indices en tant qu&rsquo;indicateurs s\u00e9par\u00e9s, il reste g\u00e9n\u00e9ralement des questions sans r\u00e9ponse :<br>\u00ab\u00a0Suis-je stupide puisque certains indices sont tr\u00e8s bas ?<br>Ai-je manqu\u00e9 de concentration ? <br>Est-ce quelque chose ne tourne pas rond en moi ? <br>Est-ce que c&rsquo;est du \u00e0 ma dyslexie ?<br>N&rsquo;avais-je pas raison de me m\u00e9fier de passer ce test ?\u00a0\u00bb<\/p>\n\n\n\n<p>La r\u00e9alit\u00e9 est selon moi beaucoup plus simple :<br>Un test h\u00e9t\u00e9rog\u00e8ne est g\u00e9n\u00e9ralement le r\u00e9sultat normal et pr\u00e9visible dans le cas d&rsquo;un sch\u00e9ma complexe \u00e0 tendance cognitive \u00ab\u00a0cerveau droit\u00a0\u00bb<br>Par exemple une lat\u00e9ralit\u00e9 \u00e0 \u0153il gauche dominant exclue quasi syst\u00e9matiquement la possibilit\u00e9 d&rsquo;une bonne m\u00e9moire visuelle, aussi certaines parties du test seront forc\u00e9ment impact\u00e9es par cette particularit\u00e9.<br>Par contre un sch\u00e9ma mixte sensoriel droit \/ moteur gauche donne le plus souvent un test au r\u00e9sultat calculable et plut\u00f4t \u00e9lev\u00e9.<br>Tout l\u2019int\u00e9r\u00eat du l&rsquo;analyse du sch\u00e9ma de lat\u00e9ralit\u00e9 tient dans la possibilit\u00e9 de pr\u00e9ciser les comp\u00e9tences et les limites de chacun, y compris dans le cadre d&rsquo;un test de QI.<\/p>\n\n\n\n<h3 class=\"wp-block-heading\"><span class=\"ez-toc-section\" id=\"le_hpi_est-il_une_facon_de_penser_differente_le_schema_de_lateralite_donne_la_reponse\"><\/span>Le HPI est-il une fa\u00e7on de penser diff\u00e9rente ?<br>Le sch\u00e9ma de lat\u00e9ralit\u00e9 donne la  r\u00e9ponse.<span class=\"ez-toc-section-end\"><\/span><\/h3>\n\n\n\n<p>Classiquement le HPI est \u00e9valu\u00e9 par le passage d&rsquo;un test WISC pour les enfants et WAIS pour les adultes.<br>Jusqu&rsquo;ici HPI (haut potentiel intellectuel) est synonyme de HQI (haut quotient intellectuel)<br>Aujourd&rsquo;hui certains experts proposent que l&rsquo;on fasse une distinction entre HPI et HQI.<br><br>Le HQI  concerne th\u00e9oriquement 2,3 % des personnes, il correspond \u00e0 un test de QI calculable sup\u00e9rieur ou \u00e9gal \u00e0 130. <br>Certaines \u00e9tudes le lient \u00e0 une vitesse de traitement de l&rsquo;information \u00e9lev\u00e9e.<br><br>Le HPI serait plut\u00f4t sp\u00e9cifiquement li\u00e9 \u00e0<a href=\"https:\/\/www.rayuresetratures.fr\/pensee-divergente\/\" target=\"_blank\" rel=\"noreferrer noopener\"> une fa\u00e7on diff\u00e9rente de r\u00e9fl\u00e9chir.<\/a> Cette cat\u00e9gorie pourrait donc inclure les individus au QI non calculable mais pr\u00e9sentant des indices tr\u00e8s \u00e9lev\u00e9s dans certaines parties du test.<\/p>\n\n\n<div class=\"wp-block-image\">\n<figure class=\"alignleft size-full is-resized\"><img decoding=\"async\" src=\"https:\/\/etiennelang.com\/wp-content\/uploads\/2024\/03\/pexels-kamaji-ogino-5065861.jpg\" alt=\"\" class=\"wp-image-1007\" style=\"width:211px;height:auto\"\/><figcaption class=\"wp-element-caption\">Certaines personnes nous semblent \u00e9tranges et poss\u00e8dent pourtant des capacit\u00e9s extraordinaires<\/figcaption><\/figure>\n<\/div>\n\n\n<p>Le terme \u00ab\u00a0atypique\u00a0\u00bb \u00e9largirait encore le spectre des personnes au test difficile \u00e0 interpr\u00e9ter.<br>Le crit\u00e8re serait alors clairement cette \u00ab\u00a0fa\u00e7on diff\u00e9rente de penser\u00a0\u00bb, quelles que soient les performances au test.<br>Or il n&rsquo;existe pas de test sp\u00e9cifique qui fasse consensus aujourd&rsquo;hui pour qualifier une personne d&rsquo;atypique, mais plut\u00f4t un ensemble de crit\u00e8res comportementaux assez saillants (engagement, intensit\u00e9, cr\u00e9ativit\u00e9, mais aussi empathie, hypersensibilit\u00e9, sensation de d\u00e9calage..)<\/p>\n\n\n\n<p>J&rsquo;ai pu constater que sch\u00e9ma de lat\u00e9ralit\u00e9 permet d&rsquo;\u00e9clairer ce qu&rsquo;est cette \u00ab\u00a0fa\u00e7on diff\u00e9rente de penser\u00a0\u00bb tout en justifiant ces \u00e9l\u00e9ments comportementaux.<br>Mieux encore, au del\u00e0 des g\u00e9n\u00e9ralit\u00e9 il permet de d\u00e9tailler ces \u00e9l\u00e9ments pour chaque personne.<\/p>\n\n\n\n<p>Autrement dit lorsque je re\u00e7ois une personne qui a pass\u00e9 un test non interpr\u00e9table ou qui se demande si elle devrait passer un test (pour les enfants ce sont les parents qui posent cette question) je commence toujours par relever le sch\u00e9ma de lat\u00e9ralit\u00e9.<br>Le bilan de lat\u00e9ralit\u00e9 est un \u00e9norme soulagement en cas de test non calculable, car il donne l&rsquo;explication des r\u00e9sultats h\u00e9t\u00e9rog\u00e8nes.<br>Le bilan de lat\u00e9ralit\u00e9 est aussi un bon moyen de pr\u00e9parer le passage d&rsquo;un test en \u00e9voquant en amont la possibilit\u00e9 d&rsquo;un r\u00e9sultat h\u00e9t\u00e9rog\u00e8ne et en pouvant justifier de cela.<br><\/p>\n\n\n\n<h3 class=\"wp-block-heading\"><span class=\"ez-toc-section\" id=\"%c2%ab_lemballement_cognitif_%c2%bb_un_effet_de_la_lateralite\"><\/span>\u00ab\u00a0L&#8217;emballement cognitif\u00a0\u00bb: un effet de la lat\u00e9ralit\u00e9 ?<span class=\"ez-toc-section-end\"><\/span><\/h3>\n\n\n\n<p>Tous les sch\u00e9ma de lat\u00e9ralit\u00e9 li\u00e9s au HPI sont des sch\u00e9ma mixtes. Ces sch\u00e9ma  font intervenir les deux h\u00e9misph\u00e8res dans des interactions complexes qui se sont mises en place d\u00e8s le plus jeune \u00e2ge.<br>Lorsque j\u2019entends une personne me dire \u00ab\u00a0je pense trop\u00a0\u00bb, \u00ab\u00a0j&rsquo;ai toujours une id\u00e9e qui rebondit sur une autre\u00a0\u00bb, \u00ab\u00a0\u00e7a ne s\u2019arr\u00eate jamais\u00a0\u00bb je v\u00e9rifie toujours le sch\u00e9ma de lat\u00e9ralit\u00e9, qui est le plus souvent un des sch\u00e9ma mixtes en question.<\/p>\n\n\n\n<p>Tout se passe comme si l\u2019h\u00e9misph\u00e8re droit produisait des id\u00e9es nouvelles qui enclenchaient un fil de raisonnement dans l\u2019h\u00e9misph\u00e8re gauche qui entrainait au passage une nouvelle id\u00e9e dans l\u2019h\u00e9misph\u00e8re droit qui stimulait un nouveau raisonnement dans l&rsquo;h\u00e9misph\u00e8re gauche et ainsi de suite&#8230;<br>En tout cas c&rsquo;est exactement ainsi que le d\u00e9crivent les personnes concern\u00e9es.<\/p>\n\n\n\n<p>Alors m\u00eame que le \u00ab\u00a0mode par d\u00e9faut\u00a0\u00bb (l&rsquo;activit\u00e9 c\u00e9r\u00e9brale spontan\u00e9e en dehors de toute stimulation) est normalement plut\u00f4t calme, chez les personnes au sch\u00e9ma mixte elle est auto-entretenue \u00e0 un haut niveau d&rsquo;activit\u00e9.<br>Cet effet \u00ab\u00a0ping-pong\u00a0\u00bb, je l&rsquo;ai logiquement nomm\u00e9 <strong>emballement cognitif<\/strong>.<\/p>\n\n\n\n<p><\/p>\n\n\n\n<p><\/p>\n\n\n<ul class=\"wp-block-page-list\"><li class=\"wp-block-pages-list__item menu-item-home\"><a class=\"wp-block-pages-list__item__link\" href=\"https:\/\/schema-de-lateralite.etiennelang.com\/\">accueil<\/a><\/li><li class=\"wp-block-pages-list__item\"><a class=\"wp-block-pages-list__item__link\" href=\"https:\/\/schema-de-lateralite.etiennelang.com\/index.php\/comorbidite\/\">Comorbidit\u00e9<\/a><\/li><li class=\"wp-block-pages-list__item\"><a class=\"wp-block-pages-list__item__link\" href=\"https:\/\/schema-de-lateralite.etiennelang.com\/index.php\/formation\/\">Formation<\/a><\/li><li class=\"wp-block-pages-list__item\"><a class=\"wp-block-pages-list__item__link\" href=\"https:\/\/schema-de-lateralite.etiennelang.com\/index.php\/forum\/\">Forum<\/a><\/li><li class=\"wp-block-pages-list__item\"><a class=\"wp-block-pages-list__item__link\" href=\"https:\/\/schema-de-lateralite.etiennelang.com\/index.php\/hpi-surdoues-et-autres-atypiques\/\">HPI, surdou\u00e9s et autres atypiques<\/a><\/li><li class=\"wp-block-pages-list__item\"><a class=\"wp-block-pages-list__item__link\" href=\"https:\/\/schema-de-lateralite.etiennelang.com\/index.php\/laffectivite-des-droitiers-et-gauchers\/\">L&rsquo;affectivit\u00e9 des droitiers et gauchers<\/a><\/li><li class=\"wp-block-pages-list__item\"><a class=\"wp-block-pages-list__item__link\" href=\"https:\/\/schema-de-lateralite.etiennelang.com\/index.php\/la-pratique\/\">La pratique<\/a><\/li><li class=\"wp-block-pages-list__item\"><a class=\"wp-block-pages-list__item__link\" href=\"https:\/\/schema-de-lateralite.etiennelang.com\/index.php\/les-bases-theoriques\/\">Les bases th\u00e9oriques<\/a><\/li><li class=\"wp-block-pages-list__item\"><a class=\"wp-block-pages-list__item__link\" href=\"https:\/\/schema-de-lateralite.etiennelang.com\/index.php\/les-professions-concernees\/\">Les professions concern\u00e9es<\/a><\/li><li class=\"wp-block-pages-list__item\"><a class=\"wp-block-pages-list__item__link\" href=\"https:\/\/schema-de-lateralite.etiennelang.com\/index.php\/les-troubles-des-apprentissages\/\">Les troubles des apprentissages<\/a><\/li><li class=\"wp-block-pages-list__item\"><a class=\"wp-block-pages-list__item__link\" href=\"https:\/\/schema-de-lateralite.etiennelang.com\/index.php\/presentation\/\">Pr\u00e9sentation<\/a><\/li><li class=\"wp-block-pages-list__item\"><a class=\"wp-block-pages-list__item__link\" href=\"https:\/\/schema-de-lateralite.etiennelang.com\/index.php\/publications\/\">Publications<\/a><\/li><li class=\"wp-block-pages-list__item has-child\"><a class=\"wp-block-pages-list__item__link\" href=\"https:\/\/schema-de-lateralite.etiennelang.com\/index.php\/questions\/\">Questions<\/a><ul class=\"wp-block-navigation__submenu-container\"><li class=\"wp-block-pages-list__item \"><a class=\"wp-block-pages-list__item__link\" href=\"https:\/\/schema-de-lateralite.etiennelang.com\/index.php\/questions\/activities\/\">Activit\u00e9s<\/a><\/li><li class=\"wp-block-pages-list__item \"><a class=\"wp-block-pages-list__item__link\" href=\"https:\/\/schema-de-lateralite.etiennelang.com\/index.php\/questions\/categories\/\">Cat\u00e9gories<\/a><\/li><li class=\"wp-block-pages-list__item \"><a class=\"wp-block-pages-list__item__link\" href=\"https:\/\/schema-de-lateralite.etiennelang.com\/index.php\/questions\/tags\/\">\u00c9tiquettes<\/a><\/li><li class=\"wp-block-pages-list__item \"><a class=\"wp-block-pages-list__item__link\" href=\"https:\/\/schema-de-lateralite.etiennelang.com\/index.php\/questions\/ask\/\">Poser une question<\/a><\/li><li class=\"wp-block-pages-list__item \"><a class=\"wp-block-pages-list__item__link\" href=\"https:\/\/schema-de-lateralite.etiennelang.com\/index.php\/questions\/profile\/\">Profil<\/a><\/li><\/ul><\/li><\/ul><div id=\"ez-toc-container\" class=\"ez-toc-v2_0_82_2 counter-hierarchy ez-toc-counter ez-toc-light-blue ez-toc-container-direction\">\n<div class=\"ez-toc-title-container\">\n<p class=\"ez-toc-title\" style=\"cursor:inherit\">Sommaire de la page<\/p>\n<span class=\"ez-toc-title-toggle\"><a href=\"#\" class=\"ez-toc-pull-right ez-toc-btn ez-toc-btn-xs ez-toc-btn-default ez-toc-toggle\" aria-label=\"Toggle Table of Content\"><span class=\"ez-toc-js-icon-con\"><span class=\"\"><span class=\"eztoc-hide\" style=\"display:none;\">Toggle<\/span><span class=\"ez-toc-icon-toggle-span\"><svg style=\"fill: #999;color:#999\" xmlns=\"http:\/\/www.w3.org\/2000\/svg\" class=\"list-377408\" width=\"20px\" height=\"20px\" viewBox=\"0 0 24 24\" fill=\"none\"><path d=\"M6 6H4v2h2V6zm14 0H8v2h12V6zM4 11h2v2H4v-2zm16 0H8v2h12v-2zM4 16h2v2H4v-2zm16 0H8v2h12v-2z\" fill=\"currentColor\"><\/path><\/svg><svg style=\"fill: #999;color:#999\" class=\"arrow-unsorted-368013\" xmlns=\"http:\/\/www.w3.org\/2000\/svg\" width=\"10px\" height=\"10px\" viewBox=\"0 0 24 24\" version=\"1.2\" baseProfile=\"tiny\"><path d=\"M18.2 9.3l-6.2-6.3-6.2 6.3c-.2.2-.3.4-.3.7s.1.5.3.7c.2.2.4.3.7.3h11c.3 0 .5-.1.7-.3.2-.2.3-.5.3-.7s-.1-.5-.3-.7zM5.8 14.7l6.2 6.3 6.2-6.3c.2-.2.3-.5.3-.7s-.1-.5-.3-.7c-.2-.2-.4-.3-.7-.3h-11c-.3 0-.5.1-.7.3-.2.2-.3.5-.3.7s.1.5.3.7z\"\/><\/svg><\/span><\/span><\/span><\/a><\/span><\/div>\n<nav><ul class='ez-toc-list ez-toc-list-level-1 ' ><li class='ez-toc-page-1 ez-toc-heading-level-3'><a class=\"ez-toc-link ez-toc-heading-1\" href=\"https:\/\/schema-de-lateralite.etiennelang.com\/index.php\/hpi-surdoues-et-autres-atypiques\/#on_en_sait_enfin_plus_sur_le_cerveau_atypique\" >On en sait enfin plus sur le cerveau atypique<\/a><\/li><li class='ez-toc-page-1 ez-toc-heading-level-3'><a class=\"ez-toc-link ez-toc-heading-2\" href=\"https:\/\/schema-de-lateralite.etiennelang.com\/index.php\/hpi-surdoues-et-autres-atypiques\/#test_wisc_ou_wais_heterogene_enfin_une_explication\" >Test WISC ou WAIS h\u00e9t\u00e9rog\u00e8ne : enfin une explication ?<\/a><\/li><li class='ez-toc-page-1 ez-toc-heading-level-3'><a class=\"ez-toc-link ez-toc-heading-3\" href=\"https:\/\/schema-de-lateralite.etiennelang.com\/index.php\/hpi-surdoues-et-autres-atypiques\/#le_hpi_est-il_une_facon_de_penser_differente_le_schema_de_lateralite_donne_la_reponse\" >Le HPI est-il une fa\u00e7on de penser diff\u00e9rente ? Le sch\u00e9ma de lat\u00e9ralit\u00e9 donne la  r\u00e9ponse.<\/a><\/li><li class='ez-toc-page-1 ez-toc-heading-level-3'><a class=\"ez-toc-link ez-toc-heading-4\" href=\"https:\/\/schema-de-lateralite.etiennelang.com\/index.php\/hpi-surdoues-et-autres-atypiques\/#%c2%ab_lemballement_cognitif_%c2%bb_un_effet_de_la_lateralite\" >\u00ab\u00a0L&#8217;emballement cognitif\u00a0\u00bb: un effet de la lat\u00e9ralit\u00e9 ?<\/a><\/li><\/ul><\/nav><\/div>\n","protected":false},"excerpt":{"rendered":"<p>On en sait enfin plus sur le cerveau atypique J&rsquo;ai accumul\u00e9 des observations pendant des ann\u00e9es sur des enfants et des adultes et je suis aujourd&rsquo;hui convaincu d&rsquo;une chose : le sch\u00e9ma de lat\u00e9ralit\u00e9 est une cl\u00e9 majeure de compr\u00e9hension du cerveau atypique. Pour le dire autrement, il existe un nombre limit\u00e9 de combinaisons de [&hellip;]<\/p>\n","protected":false},"author":1,"featured_media":0,"parent":0,"menu_order":0,"comment_status":"closed","ping_status":"closed","template":"","meta":{"advanced_seo_description":"","jetpack_seo_html_title":"","jetpack_seo_noindex":false,"footnotes":""},"class_list":["post-101","page","type-page","status-publish","hentry","post"],"jetpack_sharing_enabled":true,"_links":{"self":[{"href":"https:\/\/schema-de-lateralite.etiennelang.com\/index.php\/wp-json\/wp\/v2\/pages\/101","targetHints":{"allow":["GET"]}}],"collection":[{"href":"https:\/\/schema-de-lateralite.etiennelang.com\/index.php\/wp-json\/wp\/v2\/pages"}],"about":[{"href":"https:\/\/schema-de-lateralite.etiennelang.com\/index.php\/wp-json\/wp\/v2\/types\/page"}],"author":[{"embeddable":true,"href":"https:\/\/schema-de-lateralite.etiennelang.com\/index.php\/wp-json\/wp\/v2\/users\/1"}],"replies":[{"embeddable":true,"href":"https:\/\/schema-de-lateralite.etiennelang.com\/index.php\/wp-json\/wp\/v2\/comments?post=101"}],"version-history":[{"count":6,"href":"https:\/\/schema-de-lateralite.etiennelang.com\/index.php\/wp-json\/wp\/v2\/pages\/101\/revisions"}],"predecessor-version":[{"id":204,"href":"https:\/\/schema-de-lateralite.etiennelang.com\/index.php\/wp-json\/wp\/v2\/pages\/101\/revisions\/204"}],"wp:attachment":[{"href":"https:\/\/schema-de-lateralite.etiennelang.com\/index.php\/wp-json\/wp\/v2\/media?parent=101"}],"curies":[{"name":"wp","href":"https:\/\/api.w.org\/{rel}","templated":true}]}}